{"id":3616,"date":"2020-12-18T15:57:21","date_gmt":"2020-12-18T15:57:21","guid":{"rendered":"https:\/\/www.savigny-viry-catholique.fr\/?page_id=3616"},"modified":"2020-12-18T15:57:21","modified_gmt":"2020-12-18T15:57:21","slug":"eveil-a-la-foi","status":"publish","type":"page","link":"https:\/\/demos.uptitude.fr\/savviry1\/eveil-a-la-foi\/","title":{"rendered":"EVEIL  \u00e0 la FOI"},"content":{"rendered":"\n\n\n<h4><span style=\"color: #0000ff;\">Pour les enfants de l&rsquo;\u00e9veil \u00e0 la foi, <\/span><span style=\"color: #0000ff;\">nous proposons des coloriages qui racontent :<\/span><\/h4>\n<p><span style=\"font-size: 24px; color: #ff6600;\"><strong>La r\u00e9surrection de J\u00e9sus :<\/strong><\/span><\/p>\n<p><img fetchpriority=\"high\" decoding=\"async\" class=\"size-medium wp-image-4511 alignleft\" src=\"https:\/\/www.savigny-viry-catholique.fr\/wp-content\/uploads\/2021\/04\/Le-matin-de-Paques01-255x300.jpg\" alt=\"\" width=\"255\" height=\"300\" \/><\/p>\n<p>&nbsp;<\/p>\n<p>&nbsp;<\/p>\n<p>&nbsp;<\/p>\n<p><span style=\"color: #ff6600;\"><strong><span style=\"font-size: 16px;\">Tr\u00e8s t\u00f4t le matin, au lever du soleil, les femmes se rendent au tombeau.<\/span><\/strong><\/span><\/p>\n<p>&nbsp;<\/p>\n<p><span style=\"color: #ff6600;\"><strong><span style=\"font-size: 16px;\">T\u00e9l\u00e9chargez le <a href=\"http:\/\/www.savigny-viry-catholique.fr\/Download\/doc\/KT41Le-matin-de-Paques01.pdf\">coloriage ici\u00a0<\/a><\/span><\/strong><\/span><\/p>\n<p>&nbsp;<\/p>\n<p>&nbsp;<\/p>\n<p>&nbsp;<\/p>\n<p>&nbsp;<\/p>\n<p>&nbsp;<\/p>\n<p><span style=\"font-size: 16px;\"><strong>Un ange leur dit : <em>\u00ab\u00a0Je sais que vous cherchez J\u00e9sus, il n&rsquo;est pas ici, car il est ressuscit\u00e9&#8230;\u00a0\u00bb\u00a0<\/em><\/strong><\/span><\/p>\n<p><span style=\"color: #ff6600;\"><strong><span style=\"font-size: 16px;\">T\u00e9l\u00e9chargez le <a href=\"http:\/\/www.savigny-viry-catholique.fr\/Download\/doc\/KT41Le-matin-de-Paques02.pdf\">coloriage ici<img decoding=\"async\" class=\"alignnone size-medium wp-image-4510\" src=\"https:\/\/www.savigny-viry-catholique.fr\/wp-content\/uploads\/2021\/04\/Le-matin-de-Paques02-259x300.jpg\" alt=\"\" width=\"259\" height=\"300\" \/><\/a><\/span><\/strong><\/span><\/p>\n<p>&nbsp;<\/p>\n<p><span style=\"font-size: 16px;\"><strong>Marie de Magdala, soudain, se retrouve face \u00e0 J\u00e9sus qui lui dit d&rsquo;aller avertir ses amis\u00a0 \u00a0(cf jean 20,17) <img decoding=\"async\" class=\"size-medium wp-image-4512 aligncenter\" src=\"https:\/\/www.savigny-viry-catholique.fr\/wp-content\/uploads\/2021\/04\/Jesus-rencontre-Marie-Magdala-257x300.jpg\" alt=\"\" width=\"257\" height=\"300\" \/><\/strong><\/span><\/p>\n<p><span style=\"color: #ff6600;\"><strong><span style=\"font-size: 16px;\">\u00a0 \u00a0 \u00a0 \u00a0 \u00a0 \u00a0 \u00a0 \u00a0 \u00a0 \u00a0 \u00a0 \u00a0 \u00a0 \u00a0 \u00a0 \u00a0 \u00a0 \u00a0 \u00a0 \u00a0 \u00a0 \u00a0 \u00a0 \u00a0 \u00a0 \u00a0 \u00a0 \u00a0 \u00a0 \u00a0 \u00a0 \u00a0 \u00a0 \u00a0 \u00a0 \u00a0 \u00a0 \u00a0 \u00a0 \u00a0 \u00a0 \u00a0 \u00a0 \u00a0 \u00a0 \u00a0 \u00a0 \u00a0 \u00a0 \u00a0 \u00a0 \u00a0 \u00a0 \u00a0 \u00a0 \u00a0 \u00a0 \u00a0 \u00a0 \u00a0 \u00a0 \u00a0 \u00a0 \u00a0 \u00a0 \u00a0T\u00e9l\u00e9chargez le<a href=\"http:\/\/www.savigny-viry-catholique.fr\/Download\/doc\/KT41Rencontre-Jesus-Marie-Magdala.pdf\"> coloriage ici\u00a0<\/a><\/span><\/strong><\/span><\/p>\n<p>&nbsp;<\/p>\n<hr \/>\n<p><span style=\"font-size: 24px; color: #ff6600;\"><strong>L&rsquo;\u00e9vocation de la Semaines Sainte<\/strong><\/span><\/p>\n<p><img loading=\"lazy\" decoding=\"async\" class=\"size-medium wp-image-4460 alignleft\" src=\"https:\/\/www.savigny-viry-catholique.fr\/wp-content\/uploads\/2021\/04\/Hosana-Criez-de-joie-257x300.jpg\" alt=\"\" width=\"257\" height=\"300\" \/>\u00a0<\/p>\n<p>&nbsp;<\/p>\n<h4>J\u00e9sus entre dans la ville de J\u00e9rusalem. Il est acclam\u00e9 par la foule<\/h4>\n<p><span style=\"font-size: 16px; color: #ff6600;\"><strong>T\u00e9l\u00e9chargez le <a href=\"http:\/\/www.savigny-viry-catholique.fr\/Download\/doc\/KT20Hosana-Criez-de-joie.pdf\">coloriage ici<\/a><\/strong><\/span><\/p>\n<p>&nbsp;<\/p>\n<p>&nbsp;<\/p>\n<p>&nbsp;<\/p>\n<p>&nbsp;<\/p>\n<p>&nbsp;<\/p>\n<p>&nbsp;<\/p>\n<p>&nbsp;<\/p>\n<h4><span style=\"font-size: 20px;\">J\u00e9sus et ses amis se retrouvent pour manger. Avant de se mettre \u00e0 table, J\u00e9sus leur lave les pieds.<\/span><\/h4>\n<p><span style=\"font-size: 20px;\"><strong>Il se fait serviteur<\/strong><\/span><\/p>\n<p><span style=\"font-size: 20px;\"><strong><span style=\"color: #ff6600;\">T\u00e9l\u00e9chargez le <a href=\"http:\/\/www.savigny-viry-catholique.fr\/Download\/doc\/KT20Jesus-se-fait-serviteur.pdf\">coloriage ici\u00a0 <\/a><\/span><\/strong>\u00a0<\/span> \u00a0 <img loading=\"lazy\" decoding=\"async\" class=\"alignnone  wp-image-4462\" src=\"https:\/\/www.savigny-viry-catholique.fr\/wp-content\/uploads\/2021\/04\/Jesus-se-fait-serviteur-254x300.jpg\" alt=\"\" width=\"323\" height=\"381\" \/><\/p>\n<p>&nbsp;<\/p>\n<p>&nbsp;<\/p>\n<p><span style=\"font-size: 20px;\"><strong>Pendant le repas J\u00e9sus\u00a0 partage le pain et le vin avec ses amis.<\/strong><\/span><\/p>\n<p>&nbsp;<\/p>\n<p><span style=\"font-size: 20px;\"><strong><span style=\"color: #ff6600;\">t\u00e9l\u00e9chargez le <a href=\"http:\/\/www.savigny-viry-catholique.fr\/Download\/doc\/KT20Jesus-consacre-pain.pdf\">coloriage\u00a0 ici<\/a><\/span><img loading=\"lazy\" decoding=\"async\" class=\"wp-image-4461 aligncenter\" src=\"https:\/\/www.savigny-viry-catholique.fr\/wp-content\/uploads\/2021\/04\/Jesus-consacre-le-pain-259x300.jpg\" alt=\"\" width=\"341\" height=\"375\" \/><br \/><\/strong><\/span><\/p>\n<p>&nbsp;<\/p>\n<p><span style=\"font-size: 20px;\"><strong>J\u00e9sus meurt sur la croix. Il a donn\u00e9 sa vie pour nous\u00a0<\/strong><\/span><\/p>\n<p>&nbsp;<\/p>\n<p><span style=\"font-size: 16px;\"><strong><span style=\"color: #ff6600;\"><span style=\"font-size: 20px;\">T\u00e9l\u00e9chargez le <a href=\"http:\/\/www.savigny-viry-catholique.fr\/Download\/doc\/KT20Jesus-donne-sa-vie.pdf\">coloriage ici<\/a><\/span><img loading=\"lazy\" decoding=\"async\" class=\"alignnone  wp-image-4463\" src=\"https:\/\/www.savigny-viry-catholique.fr\/wp-content\/uploads\/2021\/04\/Jesus-donne-sa-vie-273x300.jpg\" alt=\"\" width=\"335\" height=\"359\" \/><\/span><\/strong><\/span><\/p>\n<p>&nbsp;<\/p>\n<p>&nbsp;<\/p>\n<p><span style=\"color: #ff6600; font-size: 16px;\"><strong>************************************************************************************************************************************************************************************************************************<\/strong><\/span><\/p>\n<p>&nbsp;<\/p>\n<p>&nbsp;<\/p>\n<p>&nbsp;<\/p>\n<p>&nbsp;<\/p>\n<h4><span style=\"color: #0000ff;\">Pour No\u00ebl : l&rsquo;histoire de Marie, Joseph et l&rsquo;enfant J\u00e9sus.<\/span><\/h4>\n<h4 style=\"text-align: center;\"><span style=\"color: #0000ff;\">*****<\/span><\/h4>\n<h5><em><strong>Voici :<\/strong><\/em><\/h5>\n<h5><em><span style=\"color: #ff00ff;\"><strong>Un jour un ange apparut \u00e0 Marie, et lui dit :<\/strong><\/span><\/em><strong><img loading=\"lazy\" decoding=\"async\" class=\"size-medium wp-image-3626 alignleft\" src=\"https:\/\/www.savigny-viry-catholique.fr\/wp-content\/uploads\/2020\/12\/KT9Marie-dit-oui-264x300.jpg\" alt=\"\" width=\"264\" height=\"300\" \/><\/strong><\/h5>\n<p><span style=\"color: #ff00ff;\"><b><i>veux tu<\/i><\/b><\/span><em><strong><span style=\"color: #ff00ff;\"> \u00eatre la maman de J\u00e9sus ?<\/span><\/strong><\/em><\/p>\n<p><em><strong><span style=\"color: #ff00ff;\"> et Marie a dit \u00ab\u00a0OUI\u00a0\u00bb.<\/span><\/strong><\/em><\/p>\n<p>&nbsp;<\/p>\n<h5><span style=\"color: #0000ff;\">T\u00e9l\u00e9chargez <a href=\"http:\/\/www.savigny-viry-catholique.fr\/Download\/doc\/KT9Marie-a-dit-oui-annexe2.pdf\">le coloriage ici\u00a0<\/a><\/span><\/h5>\n<p>&nbsp;<\/p>\n<p>&nbsp;<\/p>\n<h5><em><span style=\"color: #ff00ff;\"><strong>Marie, alla rendre visite \u00e0 sa cousine Elisabeth qui\u00a0 attendait elle aussi\u00a0 un b\u00e9b\u00e9.<\/strong><\/span><\/em><\/h5>\n<p><img loading=\"lazy\" decoding=\"async\" class=\"size-medium wp-image-3618 alignleft\" src=\"https:\/\/www.savigny-viry-catholique.fr\/wp-content\/uploads\/2020\/12\/KT9Marie-et-Elisabeth-262x300.jpg\" alt=\"\" width=\"262\" height=\"300\" \/><\/p>\n<h5>\u00a0<\/h5>\n<h5>\u00a0<\/h5>\n<h5>\u00a0<\/h5>\n<h5><span style=\"color: #0000ff;\">T\u00e9l\u00e9chargez <a href=\"http:\/\/wwwsavigny-viry-catholique.fr\/Download\/doc\/KT9Marie%20et%20Elisabeth-joie-Esprit-annexe5.pdf\">l<\/a><a href=\"http:\/\/www.savigny-viry-catholique.fr\/Download\/doc\/KT9Marie-Elisabeth-annexe5.pdf\">e coloriage ici\u00a0<\/a><\/span><\/h5>\n<p>&nbsp;<\/p>\n<p>&nbsp;<\/p>\n<p>&nbsp;<\/p>\n<h5><em><strong><span style=\"color: #ff00ff;\">Marie et Joseph se sont mari\u00e9s. A cette \u00e9poque l&#8217;empereur romain , Auguste, avait demand\u00e9 de compter tous les habitants.<\/span><\/strong><\/em><\/h5>\n<p><img loading=\"lazy\" decoding=\"async\" class=\"size-medium wp-image-3619 alignleft\" src=\"https:\/\/www.savigny-viry-catholique.fr\/wp-content\/uploads\/2020\/12\/3.Le-recensement-261x300.jpg\" alt=\"\" width=\"261\" height=\"300\" \/><\/p>\n<p>&nbsp;<\/p>\n<p>&nbsp;<\/p>\n<h5><span style=\"color: #0000ff;\">T\u00e9l\u00e9chargez<a href=\"http:\/\/www.savigny-viry-catholique.fr\/Download\/doc\/KT93.Le%20recensement.pdf\"> le coloriage ici\u00a0<\/a><\/span><\/h5>\n<p>&nbsp;<\/p>\n<p>&nbsp;<\/p>\n<p>&nbsp;<\/p>\n<p>&nbsp;<\/p>\n<h5><em><strong><span style=\"color: #ff00ff;\">Alors Marie et Joseph partirent\u00a0 vers Bethl\u00e9em, la ville de naissance de Joseph, pour se faire \u00ab\u00a0recenser\u00a0\u00bb\u00a0 , c&rsquo;est \u00e0 dire s&rsquo; enregistrer comme \u00e9tant de ce village.<\/span><\/strong><\/em><\/h5>\n<p><img loading=\"lazy\" decoding=\"async\" class=\"size-medium wp-image-3620 alignleft\" src=\"https:\/\/www.savigny-viry-catholique.fr\/wp-content\/uploads\/2020\/12\/4.Marie-et-Joseph-partent-Bethleem-212x300.jpg\" alt=\"\" width=\"212\" height=\"300\" \/><\/p>\n<h5>\u00a0<\/h5>\n<h5>\u00a0<\/h5>\n<h5><span style=\"color: #0000ff;\">T\u00e9l\u00e9chargez <a href=\"http:\/\/www.savigny-viry-catholique.fr\/Download\/doc\/KT94.Marie-et-Joseph-partent-Bethleem.pdf\">le coloriage ici\u00a0<\/a><\/span><\/h5>\n<p>&nbsp;<\/p>\n<p>&nbsp;<\/p>\n<h5 style=\"text-align: justify;\"><em><strong><span style=\"color: #ff00ff;\">Or pendant qu&rsquo;ils \u00e9taient \u00e0 Bethl\u00e9em, Marie mit au monde son b\u00e9b\u00e9. Mais comme Joseph et Marie n&rsquo;avaient pas pu trouver de place dans les auberges, car il y avait beaucoup de monde, ils trouv\u00e8rent refuge dans une \u00e9table. Et c&rsquo;est l\u00e0 que Marie , mis son enfant dans une mangeoire sur de la paille pour qu&rsquo;il ait bien chaud.<\/span><\/strong><\/em><\/h5>\n<h5><strong><span style=\"color: #ff00ff;\"><a href=\"http:\/\/www.savigny-viry-catholique.fr\/Download\/doc\/KT95.Message-Ang.pdf\"><img loading=\"lazy\" decoding=\"async\" class=\"size-medium wp-image-3621 alignright\" src=\"https:\/\/www.savigny-viry-catholique.fr\/wp-content\/uploads\/2020\/12\/5.Le-message-Ang-241x300.jpg\" alt=\"\" width=\"241\" height=\"300\" \/><\/a>A ce moment, dans le ciel, les anges se mirent \u00e0 chanter.<\/span><\/strong><\/h5>\n<p>&nbsp;<\/p>\n<h5 style=\"text-align: right;\"><span style=\"color: #0000ff;\">T\u00e9l\u00e9chargez<a href=\"http:\/\/www.savigny-viry-catholique.fr\/Download\/doc\/KT95.Message-Ang.pdf\"> le coloriage ici\u00a0<\/a><\/span><\/h5>\n<p>&nbsp;<\/p>\n<p>&nbsp;<\/p>\n<p>&nbsp;<\/p>\n<h5><em><strong><span style=\"color: #ff00ff;\">Dans les environs, il y avait des bergers qui passaient la nuit dans les champs \u00e0 garder leurs troupeaux de moutons. L&rsquo;ange se montra \u00e0 eux et leur dit de ne pas avoir peur :<img loading=\"lazy\" decoding=\"async\" class=\" wp-image-3622 alignleft\" src=\"https:\/\/www.savigny-viry-catholique.fr\/wp-content\/uploads\/2020\/12\/6.lannonce-aux-bergers-212x300.jpg\" alt=\"\" width=\"219\" height=\"310\" \/> <\/span><\/strong><\/em><\/h5>\n<h5 style=\"text-align: justify;\"><em><strong><span style=\"color: #ff00ff;\"><span style=\"color: #ff6600;\">\u00ab\u00a0Je vous annonce une bonne nouvelle, qui sera une grande joie pour tous. Vous trouverez un nouveau n\u00e9, couch\u00e9 dans une mangeoire. C&rsquo;est le Christ sauveur !\u00a0\u00bb<\/span><\/span><\/strong><\/em><\/h5>\n<p>&nbsp;<\/p>\n<h5 style=\"text-align: left;\"><span style=\"color: #0000ff;\">T\u00e9l\u00e9chargez <a href=\"http:\/\/www.savigny-viry-catholique.fr\/Download\/doc\/KT96.annonce-bergers.pdf\">le coloriage ici<\/a><\/span><\/h5>\n<p>&nbsp;<\/p>\n<p>&nbsp;<\/p>\n<h5><span style=\"background-color: #ffffff; color: #ff00ff;\"><em><strong>Il y eu alors une immense clameur . les anges chantaient\u00a0 \u00e0 tue t\u00eate <span style=\"color: #ff6600;\">\u00ab\u00a0Gloire \u00e0 Dieu au plus haut des cieux et paix sur la terre aux hommes qu&rsquo;il aime\u00a0\u00bb<\/span><\/strong><\/em><\/span><\/h5>\n<h5><em><strong><span style=\"color: #ff00ff;\"><img loading=\"lazy\" decoding=\"async\" class=\"size-medium wp-image-3623 alignleft\" src=\"https:\/\/www.savigny-viry-catholique.fr\/wp-content\/uploads\/2020\/12\/7.La-joie-des-bergers-212x300.jpg\" alt=\"\" width=\"212\" height=\"300\" \/>Les bergers, guid\u00e9s par les anges,\u00a0 se mirent en route et s&rsquo;approch\u00e8rent de l&rsquo;\u00e9table o\u00f9 se trouvait l&rsquo;enfant J\u00e9sus et ses parents.<\/span><\/strong><\/em><\/h5>\n<p>&nbsp;<\/p>\n<h5 style=\"text-align: left;\"><span style=\"color: #0000ff;\">T\u00e9l\u00e9chargez<a href=\"http:\/\/www.savigny-viry-catholique.fr\/Download\/doc\/KT97.Joie-des-bergers.pdf\"> le coloriage ici<\/a><\/span><\/h5>\n<p>&nbsp;<\/p>\n<h5>\u00a0<\/h5>\n<h5><a href=\"http:\/\/www.savigny-viry-catholique.fr\/Download\/doc\/KT98.Creche-Noel.pdf\"><span style=\"color: #0000ff;\"><img loading=\"lazy\" decoding=\"async\" class=\" wp-image-3624 alignleft\" src=\"https:\/\/www.savigny-viry-catholique.fr\/wp-content\/uploads\/2020\/12\/8.La-creche-de-Noel-212x300.jpg\" alt=\"\" width=\"310\" height=\"439\" \/><\/span><\/a><\/h5>\n<h5>\u00a0<\/h5>\n<h5>\u00a0<\/h5>\n<h5>\u00a0<\/h5>\n<h5><a href=\"http:\/\/www.savigny-viry-catholique.fr\/Download\/doc\/KT98.Creche-Noel.pdf\"><span style=\"color: #0000ff;\">T\u00e9l\u00e9chargez le coloriage ici<\/span><\/a><\/h5>\n<p>&nbsp;<\/p>\n<p>&nbsp;<\/p>\n<p style=\"text-align: left;\">\u00a0<\/p>\n<p>&nbsp;<\/p>\n<p>&nbsp;<\/p>\n<h5><em><strong><span style=\"color: #ff00ff;\">Marie est toute heureuse et elle chante la gloire de Dieu !<\/span><\/strong><\/em><\/h5>\n<h5><strong><span style=\"color: #0000ff;\"><img loading=\"lazy\" decoding=\"async\" class=\" wp-image-3625 alignleft\" src=\"https:\/\/www.savigny-viry-catholique.fr\/wp-content\/uploads\/2020\/12\/9.La-Joie-de-Marie-212x300.jpg\" alt=\"\" width=\"248\" height=\"351\" \/><\/span><\/strong><\/h5>\n<h5>\u00a0<\/h5>\n<h5>\u00a0<\/h5>\n<h5><strong><span style=\"color: #0000ff;\">T\u00e9l\u00e9chargez<a href=\"http:\/\/www.savigny-viry-catholique.fr\/Download\/doc\/KT99.Joie-de-Marie.pdf\"> le coloriage ici<\/a><\/span><\/strong><\/h5>\n<p>&nbsp;<\/p>\n<p style=\"text-align: center;\"><img loading=\"lazy\" decoding=\"async\" class=\"alignnone  wp-image-3627\" src=\"https:\/\/www.savigny-viry-catholique.fr\/wp-content\/uploads\/2020\/12\/KT9-je_vous_salue_marie-212x300.jpg\" alt=\"\" width=\"472\" height=\"540\" \/><\/p>\n<p>&nbsp;<\/p>\n<h5>Quelques temps apr\u00e8s la naissance de J\u00e9sus, Joseoh et Marie se rendent au temple de J\u00e9rusalem pour pr\u00e9senter l&rsquo;enfant au Seigneur selon l&rsquo;habitude de l&rsquo;\u00e9poque.<\/h5>\n<p><a href=\"http:\/\/www.savigny-viry-catholique.fr\/Download\/doc\/KT10-Symeon.pdf\"><img loading=\"lazy\" decoding=\"async\" class=\"size-medium wp-image-3733 alignleft\" src=\"https:\/\/www.savigny-viry-catholique.fr\/wp-content\/uploads\/2020\/12\/Symeon-reconnait-le-Sauveur-264x300.jpg\" alt=\"\" width=\"264\" height=\"300\" \/><\/a><\/p>\n<p>&nbsp;<\/p>\n<p>&nbsp;<\/p>\n<p>&nbsp;<\/p>\n<h5>Cliquez sur l&rsquo;image pour t\u00e9l\u00e9charger le coloriage<\/h5>\n<p><a href=\"http:\/\/www.savigny-viry-catholique.fr\/Download\/doc\/KT10-La-Sainte-Famille.pdf\"><img loading=\"lazy\" decoding=\"async\" class=\"alignnone  wp-image-3731\" src=\"https:\/\/www.savigny-viry-catholique.fr\/wp-content\/uploads\/2020\/12\/La-Sainte-Famille-259x300.jpg\" alt=\"\" width=\"407\" height=\"471\" \/><\/a><\/p>\n<h5>\u00a0<\/h5>\n","protected":false},"excerpt":{"rendered":"","protected":false},"author":990003,"featured_media":0,"parent":0,"menu_order":0,"comment_status":"closed","ping_status":"closed","template":"","meta":{"give_campaign_id":0,"footnotes":""},"class_list":["post-3616","page","type-page","status-publish","hentry"],"campaignId":"","_links":{"self":[{"href":"https:\/\/demos.uptitude.fr\/savviry1\/wp-json\/wp\/v2\/pages\/3616","targetHints":{"allow":["GET"]}}],"collection":[{"href":"https:\/\/demos.uptitude.fr\/savviry1\/wp-json\/wp\/v2\/pages"}],"about":[{"href":"https:\/\/demos.uptitude.fr\/savviry1\/wp-json\/wp\/v2\/types\/page"}],"author":[{"embeddable":true,"href":"https:\/\/demos.uptitude.fr\/savviry1\/wp-json\/wp\/v2\/users\/990003"}],"replies":[{"embeddable":true,"href":"https:\/\/demos.uptitude.fr\/savviry1\/wp-json\/wp\/v2\/comments?post=3616"}],"version-history":[{"count":0,"href":"https:\/\/demos.uptitude.fr\/savviry1\/wp-json\/wp\/v2\/pages\/3616\/revisions"}],"wp:attachment":[{"href":"https:\/\/demos.uptitude.fr\/savviry1\/wp-json\/wp\/v2\/media?parent=3616"}],"curies":[{"name":"wp","href":"https:\/\/api.w.org\/{rel}","templated":true}]}}