{"id":647,"date":"2017-05-10T19:08:47","date_gmt":"2017-05-10T19:08:47","guid":{"rendered":"http:\/\/www.savigny-viry-catholique.fr\/?page_id=647"},"modified":"2017-05-10T19:08:47","modified_gmt":"2017-05-10T19:08:47","slug":"histoire-saint-patron","status":"publish","type":"page","link":"https:\/\/demos.uptitude.fr\/savviry1\/histoire-saint-patron\/","title":{"rendered":"Histoire et Saint Patron"},"content":{"rendered":"<figure id=\"attachment_185\" aria-describedby=\"caption-attachment-185\" style=\"width: 111px\" class=\"wp-caption alignright\"><img decoding=\"async\" class=\"size-full wp-image-185\" src=\"http:\/\/www.savigny-viry-catholique.fr\/wp-content\/uploads\/2017\/03\/MarcelCallo.jpg\" alt=\"Marcel Callo\" width=\"111\" height=\"137\" \/><figcaption id=\"caption-attachment-185\" class=\"wp-caption-text\">Marcel Callo<\/figcaption><\/figure>\n<h2><strong><span style=\"color: #0000ff; font-size: 16px; font-family: tahoma,arial,helvetica,sans-serif;\">LE SECTEUR PASTORAL\u00a0 DE SAVIGNY-VIRY BIENHEUREUX MARCEL CALLO , ORIGINE : <\/span><br \/>\n<\/strong><\/h2>\n<p><span style=\"font-family: tahoma,arial,helvetica,sans-serif; font-size: 16px; color: #0000ff;\">Le secteur pastoral de Savigny-Viry a \u00e9t\u00e9 plac\u00e9 sous le patronage de Marcel Callo le 11 mars 2006 lors de la messe de cl\u00f4ture de la visite pastorale de Mgr Dubost.<\/span><\/p>\n<p><span style=\"font-family: tahoma,arial,helvetica,sans-serif; font-size: 16px; color: #0000ff;\">Pourquoi Marcel CALLO (n\u00e9 en 1921, mort en 1945)\u00a0?<\/span><\/p>\n<ul>\n<li><span style=\"font-family: tahoma,arial,helvetica,sans-serif; font-size: 16px; color: #0000ff;\"><em>C\u2019est un t\u00e9moin de la foi qui v\u00e9cut au XXe si\u00e8cle<\/em><\/span><\/li>\n<li><span style=\"font-family: tahoma,arial,helvetica,sans-serif; font-size: 16px; color: #0000ff;\"><em>Il s\u2019est engag\u00e9 dans le Scoutisme et a milit\u00e9 \u00e0 la JOC dont les mouvements sont implant\u00e9s de longue date sur Savigny et Viry<\/em><\/span><\/li>\n<li><span style=\"font-family: tahoma,arial,helvetica,sans-serif; font-size: 16px; color: #0000ff;\"><em>Il est repr\u00e9sentatif pour une zone urbaine de par son engagement dans le monde du travail. <\/em><\/span><\/li>\n<\/ul>\n<p><span style=\"font-family: tahoma,arial,helvetica,sans-serif; font-size: 16px; color: #0000ff;\">Le P\u00e8re Pascal Daveau alors responsable du secteur expliqua le sens de cette d\u00e9marche dans la publication qui annon\u00e7ait la visite pastorale de notre \u00e9v\u00eaque.<\/span><\/p>\n<p><span style=\"font-family: tahoma,arial,helvetica,sans-serif; font-size: 16px; color: #0000ff;\"><em>\u00ab\u00a0Dans sa lettre pastorale \u00ab\u00a0Annoncer l\u2019\u00c9vangile de l&rsquo;Esp\u00e9rance\u00a0\u00bb, notre Ev\u00eaque a souhait\u00e9 que chaque secteur du dioc\u00e8se soit plac\u00e9 sous le patronage d&rsquo;un saint. Pourquoi? <\/em><\/span><\/p>\n<p><span style=\"font-family: tahoma,arial,helvetica,sans-serif; font-size: 16px; color: #0000ff;\"><em>Un secteur pastoral n&rsquo;est pas une sorte de circonscription administrative de l&rsquo;Eglise. Il est un lieu de vie eccl\u00e9siale dans lequel les catholiques sont invit\u00e9s \u00e0 se rassembler de plus en plus, \u00e0 mettre en commun leurs forces et leurs richesses, \u00e0 apprendre \u00e0 se conna\u00eetre et \u00e0 s&rsquo;estimer tout simplement. A l&rsquo;image d&rsquo;une paroisse qui est consacr\u00e9e \u00e0 un saint ou une sainte, le secteur se voit plac\u00e9, lui aussi, sous le regard particulier d&rsquo;un t\u00e9moin de l&rsquo;Evangile. <\/em><\/span><\/p>\n<p><span style=\"font-family: tahoma,arial,helvetica,sans-serif; font-size: 16px; color: #0000ff;\"><em>Le 11 mars prochain, au cours de la messe de cl\u00f4ture de sa visite pastorale, Monseigneur DUBOST placera le secteur de Savigny-Viry sous le patronage du <\/em><\/span><\/p>\n<p><span style=\"font-family: tahoma,arial,helvetica,sans-serif; font-size: 16px; color: #0000ff;\"><em>Bienheureux Marcel CALLO. Vous trouverez dans ce journal une courte biographie de Marcel ainsi que les raisons qui ont amen\u00e9 l&rsquo;Equipe Pastorale \u00e0 choisir ce jeune Ap\u00f4tre du 20\u00e8me si\u00e8cle. <\/em><\/span><\/p>\n<p><span style=\"font-family: tahoma,arial,helvetica,sans-serif; font-size: 16px; color: #0000ff;\"><em>Au cours de cette m\u00eame c\u00e9l\u00e9bration, plus de cinquante adolescents recevront <\/em><\/span><\/p>\n<p><span style=\"font-family: tahoma,arial,helvetica,sans-serif; font-size: 16px; color: #0000ff;\"><em>le sacrement de Confirmation. Ils seront ainsi appel\u00e9s <\/em><em>\u00e0 <\/em><em>r\u00e9pondre pleinement <\/em><\/span><\/p>\n<p><span style=\"font-family: tahoma,arial,helvetica,sans-serif; font-size: 16px; color: #0000ff;\"><em>\u00e0 leur vocation baptismale, <\/em><em>\u00e0 <\/em><em>prendre toute leur place dans l\u2019\u00c9glise et \u00e0 \u00eatre des t\u00e9moins de l\u2019\u00c9vangile. C&rsquo;est une aventure qui s&rsquo;ouvre devant eux. C&rsquo;est celle de la foi. C&rsquo;est cette aventure que Marcel CALLO a v\u00e9cu en son temps, <\/em><em>\u00e0 <\/em><em>fond et jusqu&rsquo;au bout, \u00ab\u00a0\u00e0 temps et \u00e0 contretemps\u00a0\u00bb\u00a0!<\/em><\/span><\/p>\n<p><span style=\"font-family: tahoma,arial,helvetica,sans-serif; font-size: 16px; color: #0000ff;\"><em>\u00a0<\/em><\/span><\/p>\n<p style=\"text-align: right;\"><span style=\"font-family: tahoma,arial,helvetica,sans-serif; font-size: 16px; color: #0000ff;\">P\u00e8re Pascal DAVEAU<br \/>\nResponsable du secteur pastoral<br \/>\nMars 2006\u00a0\u00bb<\/span><\/p>\n<p>[hr]<\/p>\n<h2 class=\"post-title\">Pri\u00e8re du Bienheureux Marcel Callo<\/h2>\n<p class=\"post-info\"><a href=\"http:\/\/site-catholique.fr\/index.php?category\/Prieres\/a-Jesus-Christ\">\u00e0 J\u00e9sus-Christ<\/a><\/p>\n<div class=\"post-excerpt\">\n<p>Voici la Pri\u00e8re <em><strong>\u00ab\u00a0La place que Tu aimerais me voir jouer \u00bb<\/strong> <\/em> du Bienheureux Marcel Callo (1921-1945), condamn\u00e9 pour son action catholique aupr\u00e8s de ses camarades du Service du Travail Obligatoire (S.T.O.) lors de la seconde guerre.<\/p>\n<\/div>\n<div class=\"post-content\">\n<p>La Pri\u00e8re du Bienheureux Marcel Callo <em><strong>\u00ab\u00a0La place que Tu aimerais me voir jouer\u00a0\u00bb :<\/strong> <\/em><em> \u00ab\u00a0Seigneur J\u00e9sus, dans le peuple immense de tes disciples, j\u2019ai une place moi aussi. Elle est unique, irrempla\u00e7able. Je sais que Tu m\u2019appelles \u00e0 vivre dans ton Alliance, \u00e0 ma mani\u00e8re, tel que je suis, avec mes qualit\u00e9s et mes limites aussi. D\u00e9j\u00e0, quand je d\u00e9cide de Te donner un peu de mon temps dans la Pri\u00e8re, quand j\u2019essaie de me faire un c\u0153ur accueillant aux autres, de faire un geste de paix ou de pardon , tout au fond de moi, parfois, je suis heureux et cette joie-l\u00e0, personne ne peut me la prendre, car elle vient de Toi, de ton Esprit. Aide-moi, Seigneur, \u00e0 d\u00e9couvrir de mieux en mieux, jour apr\u00e8s jour, la place que Tu aimerais me voir jouer, dans le peuple de tes disciples, pour le bonheur de tous\u00a0! Ainsi soit-il.\u00a0\u00bb <\/em><\/p>\n<p><strong>Bienheureux Marcel Callo<\/strong> (1921-1945)<\/p>\n<p>[hr]<\/p>\n<h2 class=\"post-title\"><\/h2>\n<\/div>\n<h2><span style=\"font-family: trebuchet ms,geneva,sans-serif; font-size: 16px; color: #000080;\"><img fetchpriority=\"high\" decoding=\"async\" class=\"alignleft size-full wp-image-674\" src=\"http:\/\/www.savigny-viry-catholique.fr\/wp-content\/uploads\/2017\/05\/MarcelCallo_.jpg\" alt=\"MarcelCallo\" width=\"227\" height=\"345\" \/>R\u00e9sum\u00e9 de la vie de Marcel Callo<\/span><\/h2>\n<p><span style=\"font-family: trebuchet ms,geneva,sans-serif; font-size: 16px; color: #000080;\">Condamn\u00e9 sous ce seul pr\u00e9texte : Par son action catholique aupr\u00e8s de ses camarades de Service du Travail Obligatoire, s&rsquo;est montr\u00e9 nuisible au r\u00e9gime nazi et au salut du peuple allemand\u00a0\u00bb.<\/span><\/p>\n<p><span style=\"font-family: trebuchet ms,geneva,sans-serif; font-size: 16px; color: #000080;\">Le 19 mars 1945 mourait d&rsquo;\u00e9puisement \u00e0 l&rsquo;immonde infirmerie de Mauthausen le jociste rennais Marcel Callo.<\/span><\/p>\n<p><span style=\"font-family: trebuchet ms,geneva,sans-serif; font-size: 16px; color: #000080;\">Le 4 octobre 1987, \u00e0 l&rsquo;occasion du Synode des la\u00efcs \u00e0 Rome, en m\u00eame temps que deux jeunes filles italiennes, Marcel \u00e9tait b\u00e9atifi\u00e9 par le Pape Jean-Paul II, reconnu donc comme vrai t\u00e9moin du Christ.<\/span><\/p>\n<p><span style=\"font-family: trebuchet ms,geneva,sans-serif; font-size: 16px; color: #000080;\">Marcel Callo est le cadet d&rsquo;une famille de 8 enfants ; il est n\u00e9 le 6 d\u00e9cembre 1921 \u00e0<\/span><\/p>\n<p><span style=\"font-family: trebuchet ms,geneva,sans-serif; font-size: 16px; color: #000080;\">Rennes. Il n&rsquo;est pas arriv\u00e9 tout seul \u00e0 la perfection \u00e9vang\u00e9lique : il a \u00e9t\u00e9 port\u00e9 par l&rsquo;exemple de parents chr\u00e9tiens, a \u00e9t\u00e9 membre de la Croisade Eucharistique (actuellement appel\u00e9 MEJ), puis est devenu scout, jociste. Pas davantage arriv\u00e9 tout de suite \u00e0 la perfection humaine : comme tout \u00eatre humain, il a eu \u00e0 lutter contre ses d\u00e9fauts ; il \u00e9tait particuli\u00e8rement cabochard et voulait avoir toujours raison.<\/span><\/p>\n<p><span style=\"font-family: trebuchet ms,geneva,sans-serif; font-size: 16px; color: #000080;\">On parle parfois de la \u00ab\u00a0passion\u00a0\u00bb de Marcel : \u00e0 entendre dans le sens de souffrances, d&rsquo;\u00e9preuves. Oui, il les a connues et support\u00e9es par fid\u00e9lit\u00e9 au Christ.<\/span><\/p>\n<p><span style=\"font-family: trebuchet ms,geneva,sans-serif; font-size: 16px; color: #000080;\">Un tournant d\u00e9cisif dans sa vie :<\/span><\/p>\n<p><span style=\"font-family: trebuchet ms,geneva,sans-serif; font-size: 16px; color: #000080;\">C&rsquo;est au lendemain du bombardement de Rennes, le 8 mars 1943.<\/span><\/p>\n<p><span style=\"font-family: trebuchet ms,geneva,sans-serif; font-size: 16px; color: #000080;\">Sa soeur Marie-Madeleine \u00e9tait tomb\u00e9e sous les bombes. Le jour m\u00eame des obs\u00e8ques, il re\u00e7oit l&rsquo;ordre de partir en Allemagne au titre du Service du Travail Obligatoire\u2026 \u00a0\u00bb Je pars ou je ne pars pas ?\u00a0\u00bb. Terrible cas de conscience. \u00ab\u00a0Si je ne pars pas, ce sont, \u00e0 coup s\u00fbr, des repr\u00e9sailles sur mon p\u00e8re ou sur mon fr\u00e8re. Si je pars, je quitte ma fianc\u00e9e, mes parents, mes copains\u00a0\u00bb.<\/span><\/p>\n<p><span style=\"font-family: trebuchet ms,geneva,sans-serif; font-size: 16px; color: #000080;\">C&rsquo;est l&rsquo;angoisse durant huit jours.<\/span><\/p>\n<p><span style=\"font-family: trebuchet ms,geneva,sans-serif; font-size: 16px; color: #000080;\">Mais il pense \u00e0 la consigne de la JOC : \u00ab\u00a0L\u00e0 o\u00f9 sont les Jeunes Travailleurs, l\u00e0 sont les Jocistes\u00a0\u00bb. Il y voit la volont\u00e9 du Seigneur. Il d\u00e9cide : \u00ab\u00a0Ca y est, je pars, non point comme travailleur, mais comme missionnaire aupr\u00e8s de mes camarades\u00a0\u00bb.<\/span><\/p>\n<p><span style=\"font-family: trebuchet ms,geneva,sans-serif; font-size: 16px; color: #000080;\">Mais alors, d\u00e8s son arriv\u00e9e en Thuringe, terrible crise de cafard, on le comprend. Il \u00e9crit un jour \u00e0 sa fianc\u00e9e :<\/span><\/p>\n<p><span style=\"font-family: trebuchet ms,geneva,sans-serif; font-size: 16px; color: #000080;\"><em>\u00ab\u00a0Les deux premiers mois pass\u00e9s ici ont \u00e9t\u00e9 extr\u00eamement p\u00e9nibles ; je n&rsquo;avais go\u00fbt \u00e0 rien ; votre souvenir ne me quittait pas ; je me laissais aller petit \u00e0 petit. Soudain, le<\/em><\/span><\/p>\n<p><span style=\"font-family: trebuchet ms,geneva,sans-serif; font-size: 16px; color: #000080;\"><em>Christ me fit r\u00e9agir : il me signifia que cela n&rsquo;\u00e9tait pas bien ; il me demanda de m&rsquo;occuper de mes camarades, et la joie de vivre me revint\u00a0\u00bb.<\/em><\/span><\/p>\n<p><span style=\"font-family: trebuchet ms,geneva,sans-serif; font-size: 16px; color: #000080;\">Que dire des camps de la mort ? L&rsquo;horreur absolue\u2026<\/span><\/p>\n<p><span style=\"font-family: trebuchet ms,geneva,sans-serif; font-size: 16px; color: #000080;\">Marcel est mort dans les bras du colonel Tibodo, qui t\u00e9moignait : \u00ab\u00a0Jamais, je n&rsquo;ai vu un pareil regard, celui d&rsquo;un saint\u2026\u00a0\u00bb<\/span><\/p>\n<p><span style=\"font-family: trebuchet ms,geneva,sans-serif; font-size: 16px; color: #000080;\">Un chant de la JOC dit ceci : \u00ab\u00a0Car mourir comme un bl\u00e9 qu&rsquo;on s\u00e8me, ce n&rsquo;est pas nous an\u00e9antir. Notre vie et notre oeuvre m\u00eame par-del\u00e0 la mort vont grandir\u00a0\u00bb.<\/span><\/p>\n<p><span style=\"font-family: trebuchet ms,geneva,sans-serif; font-size: 16px; color: #000080;\">Marcel fut arr\u00eat\u00e9 avec onze de ses camarades. Quatre ont pu revenir et t\u00e9moigner.<\/span><\/p>\n<p><span style=\"font-family: trebuchet ms,geneva,sans-serif; font-size: 16px; color: #000080;\">Martyrs de Thuringe. Mais il y a aussi ceux de Saxe, de Berlin, une cinquantaine dont le proc\u00e8s de b\u00e9atification est en cours. Nous en souhaitons une heureuse issue et tr\u00e8s prochaine.<\/span><\/p>\n<p>&nbsp;<\/p>\n<p style=\"text-align: right;\"><span style=\"font-family: helvetica,arial,sans-serif; color: #3366ff; font-size: 16px;\"><a href=\"https:\/\/marcelcallo.wordpress.com\/\"><img decoding=\"async\" class=\"size-full wp-image-675 alignright\" src=\"http:\/\/www.savigny-viry-catholique.fr\/wp-content\/uploads\/2017\/05\/StatueMarcelCallo.jpg\" alt=\"Statue Marcel Callo\" width=\"185\" height=\"395\" \/><\/a>Un ami de Marcel \u00e9crit : <em>\u00ab\u00a0La vie de Marcel, c&rsquo;est la vie d&rsquo;un jeune, d&rsquo;un homme qui, ayant d\u00e9couvert, comme St Paul, l&rsquo;amour du Christ, veut l&rsquo;annoncer \u00e0 tous ses fr\u00e8res.<\/em><\/span><\/p>\n<p style=\"text-align: right;\"><span style=\"font-family: helvetica,arial,sans-serif; color: #3366ff; font-size: 16px;\"><em>C&rsquo;est ce m\u00eame Marcel qui nous dit \u00e0 tous et chacun, quelle que soit notre situation :<\/em><\/span><\/p>\n<p style=\"text-align: right;\"><span style=\"font-family: helvetica,arial,sans-serif; color: #3366ff; font-size: 16px;\"><em>\u00ab\u00a0N&rsquo;ayez pas peur, osez dire J\u00e9sus Christ\u00a0\u00bb.<\/em><\/span><\/p>\n<p style=\"text-align: right;\"><span style=\"font-family: helvetica,arial,sans-serif; color: #3366ff; font-size: 16px;\">D\u2019apr\u00e8s le texte du P\u00e8re J. Callo , fr\u00e8re de Marcel<\/span><\/p>\n<p style=\"text-align: right;\"><span style=\"font-family: helvetica,arial,sans-serif; color: #3366ff; font-size: 16px;\">Voir le site du dioc\u00e8se de Rennes\u00a0: Marcel Callo,\u00a0 histoire d\u2019un rennais.<\/span><\/p>\n<p style=\"text-align: right;\"><span style=\"font-family: helvetica,arial,sans-serif; color: #3366ff; font-size: 16px;\"><a style=\"color: #3366ff;\" href=\"http:\/\/rennes.catholique.fr\/webtv\/3426-marcel-callo-lhistoire-dun-rennais\/\">http:\/\/rennes.catholique.fr\/webtv\/3426-marcel-callo-lhistoire-dun-rennais\/<\/a><\/span><\/p>\n<p>&nbsp;<\/p>\n<p>&nbsp;<\/p>\n<p>&nbsp;<\/p>\n<p>&nbsp;<\/p>\n<p>Plus d&rsquo;infos : <a href=\"http:\/\/www.dailymotion.com\/video\/x5rwvq9_marcel-callo-st-patron-du-secteur-savigny-viry_people\" target=\"_blank\" rel=\"noopener\">http:\/\/www.dailymotion.com\/video\/x5rwvq9_marcel-callo-st-patron-du-secteur-savigny-viry_people<\/a><\/p>\n<p><iframe src=\"\/\/www.dailymotion.com\/embed\/video\/x5rwvq9\" width=\"600\" height=\"480\" allowfullscreen=\"allowfullscreen\"><\/iframe><\/p>\n","protected":false},"excerpt":{"rendered":"<p>LE SECTEUR PASTORAL\u00a0 DE SAVIGNY-VIRY BIENHEUREUX MARCEL CALLO , ORIGINE : Le secteur pastoral de Savigny-Viry a \u00e9t\u00e9 plac\u00e9 sous le patronage de Marcel Callo le 11 mars 2006 lors de la messe de cl\u00f4ture de la visite pastorale&hellip;<\/p>\n","protected":false},"author":990002,"featured_media":0,"parent":0,"menu_order":0,"comment_status":"closed","ping_status":"closed","template":"","meta":{"give_campaign_id":0,"footnotes":""},"class_list":["post-647","page","type-page","status-publish","hentry"],"campaignId":"","_links":{"self":[{"href":"https:\/\/demos.uptitude.fr\/savviry1\/wp-json\/wp\/v2\/pages\/647","targetHints":{"allow":["GET"]}}],"collection":[{"href":"https:\/\/demos.uptitude.fr\/savviry1\/wp-json\/wp\/v2\/pages"}],"about":[{"href":"https:\/\/demos.uptitude.fr\/savviry1\/wp-json\/wp\/v2\/types\/page"}],"author":[{"embeddable":true,"href":"https:\/\/demos.uptitude.fr\/savviry1\/wp-json\/wp\/v2\/users\/990002"}],"replies":[{"embeddable":true,"href":"https:\/\/demos.uptitude.fr\/savviry1\/wp-json\/wp\/v2\/comments?post=647"}],"version-history":[{"count":1,"href":"https:\/\/demos.uptitude.fr\/savviry1\/wp-json\/wp\/v2\/pages\/647\/revisions"}],"predecessor-version":[{"id":8096,"href":"https:\/\/demos.uptitude.fr\/savviry1\/wp-json\/wp\/v2\/pages\/647\/revisions\/8096"}],"wp:attachment":[{"href":"https:\/\/demos.uptitude.fr\/savviry1\/wp-json\/wp\/v2\/media?parent=647"}],"curies":[{"name":"wp","href":"https:\/\/api.w.org\/{rel}","templated":true}]}}