{"id":8209,"date":"2025-03-06T17:55:11","date_gmt":"2025-03-06T16:55:11","guid":{"rendered":"https:\/\/demos.uptitude.fr\/savviry1\/?page_id=8209"},"modified":"2025-03-06T18:05:19","modified_gmt":"2025-03-06T17:05:19","slug":"les-obseques-religieuses","status":"publish","type":"page","link":"https:\/\/demos.uptitude.fr\/savviry1\/les-obseques-religieuses\/","title":{"rendered":"Les obs\u00e8ques religieuses"},"content":{"rendered":"\t\t<div data-elementor-type=\"wp-post\" data-elementor-id=\"8209\" class=\"elementor elementor-8209\" data-elementor-settings=\"{&quot;element_pack_global_tooltip_width&quot;:{&quot;unit&quot;:&quot;px&quot;,&quot;size&quot;:&quot;&quot;,&quot;sizes&quot;:[]},&quot;element_pack_global_tooltip_width_tablet&quot;:{&quot;unit&quot;:&quot;px&quot;,&quot;size&quot;:&quot;&quot;,&quot;sizes&quot;:[]},&quot;element_pack_global_tooltip_width_mobile&quot;:{&quot;unit&quot;:&quot;px&quot;,&quot;size&quot;:&quot;&quot;,&quot;sizes&quot;:[]},&quot;element_pack_global_tooltip_padding&quot;:{&quot;unit&quot;:&quot;px&quot;,&quot;top&quot;:&quot;&quot;,&quot;right&quot;:&quot;&quot;,&quot;bottom&quot;:&quot;&quot;,&quot;left&quot;:&quot;&quot;,&quot;isLinked&quot;:true},&quot;element_pack_global_tooltip_padding_tablet&quot;:{&quot;unit&quot;:&quot;px&quot;,&quot;top&quot;:&quot;&quot;,&quot;right&quot;:&quot;&quot;,&quot;bottom&quot;:&quot;&quot;,&quot;left&quot;:&quot;&quot;,&quot;isLinked&quot;:true},&quot;element_pack_global_tooltip_padding_mobile&quot;:{&quot;unit&quot;:&quot;px&quot;,&quot;top&quot;:&quot;&quot;,&quot;right&quot;:&quot;&quot;,&quot;bottom&quot;:&quot;&quot;,&quot;left&quot;:&quot;&quot;,&quot;isLinked&quot;:true},&quot;element_pack_global_tooltip_border_radius&quot;:{&quot;unit&quot;:&quot;px&quot;,&quot;top&quot;:&quot;&quot;,&quot;right&quot;:&quot;&quot;,&quot;bottom&quot;:&quot;&quot;,&quot;left&quot;:&quot;&quot;,&quot;isLinked&quot;:true},&quot;element_pack_global_tooltip_border_radius_tablet&quot;:{&quot;unit&quot;:&quot;px&quot;,&quot;top&quot;:&quot;&quot;,&quot;right&quot;:&quot;&quot;,&quot;bottom&quot;:&quot;&quot;,&quot;left&quot;:&quot;&quot;,&quot;isLinked&quot;:true},&quot;element_pack_global_tooltip_border_radius_mobile&quot;:{&quot;unit&quot;:&quot;px&quot;,&quot;top&quot;:&quot;&quot;,&quot;right&quot;:&quot;&quot;,&quot;bottom&quot;:&quot;&quot;,&quot;left&quot;:&quot;&quot;,&quot;isLinked&quot;:true}}\" data-elementor-post-type=\"page\">\n\t\t\t\t\t\t<section class=\"elementor-section elementor-top-section elementor-element elementor-element-017b886 elementor-section-stretched hide_bg_image_on_tablet hide_bg_image_on_mobile elementor-section-boxed elementor-section-height-default elementor-section-height-default\" data-id=\"017b886\" data-element_type=\"section\" data-settings=\"{&quot;stretch_section&quot;:&quot;section-stretched&quot;,&quot;background_background&quot;:&quot;classic&quot;}\">\n\t\t\t\t\t\t<div class=\"elementor-container elementor-column-gap-no\">\n\t\t\t\t\t<div class=\"elementor-column elementor-col-100 elementor-top-column elementor-element elementor-element-c749720 sc_layouts_column_icons_position_left\" data-id=\"c749720\" data-element_type=\"column\">\n\t\t\t<div class=\"elementor-widget-wrap elementor-element-populated\">\n\t\t\t\t\t\t<section class=\"elementor-section elementor-top-section elementor-element elementor-element-9beffd9 elementor-section-boxed elementor-section-height-default elementor-section-height-default\" data-id=\"9beffd9\" data-element_type=\"section\" data-settings=\"{&quot;background_background&quot;:&quot;classic&quot;}\">\n\t\t\t\t\t\t<div class=\"elementor-container elementor-column-gap-extended\">\n\t\t\t\t\t<div class=\"elementor-column elementor-col-16 elementor-top-column elementor-element elementor-element-de44f91 sc_layouts_column_icons_position_left\" data-id=\"de44f91\" data-element_type=\"column\">\n\t\t\t<div class=\"elementor-widget-wrap\">\n\t\t\t\t\t\t\t<\/div>\n\t\t<\/div>\n\t\t\t\t<div class=\"elementor-column elementor-col-66 elementor-top-column elementor-element elementor-element-95a8074 sc_layouts_column_icons_position_left\" data-id=\"95a8074\" data-element_type=\"column\">\n\t\t\t<div class=\"elementor-widget-wrap elementor-element-populated\">\n\t\t\t\t\t\t<div class=\"elementor-element elementor-element-c69bdb9 elementor-widget elementor-widget-spacer\" data-id=\"c69bdb9\" data-element_type=\"widget\" data-widget_type=\"spacer.default\">\n\t\t\t\t<div class=\"elementor-widget-container\">\n\t\t\t\t\t\t\t<div class=\"elementor-spacer\">\n\t\t\t<div class=\"elementor-spacer-inner\"><\/div>\n\t\t<\/div>\n\t\t\t\t\t\t<\/div>\n\t\t\t\t<\/div>\n\t\t\t\t<div class=\"elementor-element elementor-element-bb97db1 elementor-widget elementor-widget-trx_sc_title\" data-id=\"bb97db1\" data-element_type=\"widget\" data-widget_type=\"trx_sc_title.default\">\n\t\t\t\t<div class=\"elementor-widget-container\">\n\t\t\t\t\t<div id=\"trx_sc_title_874106644\"\n\t\tclass=\"sc_title sc_title_accent\"><h2 class=\"sc_item_title sc_title_title sc_align_center sc_item_title_style_accent\"><span class=\"sc_item_title_text\">Les obs\u00e8qures religuieuses<\/span><\/h2><\/div><!-- \/.sc_title -->\t\t\t\t<\/div>\n\t\t\t\t<\/div>\n\t\t\t\t<div class=\"elementor-element elementor-element-f8ad4a1 elementor-widget elementor-widget-spacer\" data-id=\"f8ad4a1\" data-element_type=\"widget\" data-widget_type=\"spacer.default\">\n\t\t\t\t<div class=\"elementor-widget-container\">\n\t\t\t\t\t\t\t<div class=\"elementor-spacer\">\n\t\t\t<div class=\"elementor-spacer-inner\"><\/div>\n\t\t<\/div>\n\t\t\t\t\t\t<\/div>\n\t\t\t\t<\/div>\n\t\t\t\t<div class=\"elementor-element elementor-element-c8efeb1 elementor-widget elementor-widget-trx_widget_video\" data-id=\"c8efeb1\" data-element_type=\"widget\" data-widget_type=\"trx_widget_video.default\">\n\t\t\t\t<div class=\"elementor-widget-container\">\n\t\t\t\t\t<div id=\"trx_widget_video_781115448\" class=\"widget_area sc_widget_video\"><aside id=\"trx_widget_video_781115448_widget\" class=\"widget widget_video\"><div id=\"sc_video_1152930283\" class=\"trx_addons_video_player with_cover hover_play\"><img fetchpriority=\"high\" decoding=\"async\" src=\"\/\/demos.uptitude.fr\/savviry1\/wp-content\/uploads\/2018\/06\/img-6-copyright.jpg\" alt=\"Video cover\" width=\"840\" height=\"520\"><div class=\"video_mask\"><\/div><a class=\"video_hover trx_addons_popup_link\" href=\"#sc_video_1152930283_popup\"><\/a><\/div><!-- .sc_layouts_popup --><div id=\"sc_video_1152930283_popup\" class=\"sc_layouts_popup\"><div id=\"sc_video_1152930283_popup_player\" class=\"trx_addons_video_player without_cover\"><div class=\"video_embed video_frame\"><iframe data-src=\"https:\/\/player.vimeo.com\/video\/19564018\" width=\"1200\" height=\"675\"><\/iframe><\/div><\/div><\/div><\/aside><\/div>\t\t\t\t<\/div>\n\t\t\t\t<\/div>\n\t\t\t\t<div class=\"elementor-element elementor-element-b24b254 elementor-widget elementor-widget-spacer\" data-id=\"b24b254\" data-element_type=\"widget\" data-widget_type=\"spacer.default\">\n\t\t\t\t<div class=\"elementor-widget-container\">\n\t\t\t\t\t\t\t<div class=\"elementor-spacer\">\n\t\t\t<div class=\"elementor-spacer-inner\"><\/div>\n\t\t<\/div>\n\t\t\t\t\t\t<\/div>\n\t\t\t\t<\/div>\n\t\t\t\t<div class=\"elementor-element elementor-element-9c1eba5 elementor-widget elementor-widget-text-editor\" data-id=\"9c1eba5\" data-element_type=\"widget\" data-widget_type=\"text-editor.default\">\n\t\t\t\t<div class=\"elementor-widget-container\">\n\t\t\t\t\t\t\t\t\t<p>L\u2019\u00e9glise a \u00e0 c\u0153ur d\u2019accompagner ceux qui sont dans la peine, et, de c\u00e9l\u00e9brer que pour un croyant la vie sur terre est \u00ab\u00a0p\u00e8lerinage sur la terre\u00a0\u00bb dont la fin est en Dieu \u00e0 la suite du Christ.<\/p><p>La c\u00e9l\u00e9bration religieuse -pour un baptis\u00e9- met en valeur que le bapt\u00eame a inaugur\u00e9 cette vie en Dieu qui vient de se r\u00e9aliser pleinement.<\/p><p>La c\u00e9l\u00e9bration pour <strong>un non baptis\u00e9 demeure possible, sous condition<\/strong> bien s\u00fbr que ce ne soit pas contraire \u00e0 ses volont\u00e9s. <strong>Merci de nous en parler avant<\/strong>.<\/p>\t\t\t\t\t\t\t\t<\/div>\n\t\t\t\t<\/div>\n\t\t\t\t<div class=\"elementor-element elementor-element-a3b3bb0 elementor-widget elementor-widget-spacer\" data-id=\"a3b3bb0\" data-element_type=\"widget\" data-widget_type=\"spacer.default\">\n\t\t\t\t<div class=\"elementor-widget-container\">\n\t\t\t\t\t\t\t<div class=\"elementor-spacer\">\n\t\t\t<div class=\"elementor-spacer-inner\"><\/div>\n\t\t<\/div>\n\t\t\t\t\t\t<\/div>\n\t\t\t\t<\/div>\n\t\t\t\t\t<\/div>\n\t\t<\/div>\n\t\t\t\t<div class=\"elementor-column elementor-col-16 elementor-top-column elementor-element elementor-element-7c28eee sc_layouts_column_icons_position_left\" data-id=\"7c28eee\" data-element_type=\"column\">\n\t\t\t<div class=\"elementor-widget-wrap\">\n\t\t\t\t\t\t\t<\/div>\n\t\t<\/div>\n\t\t\t\t\t<\/div>\n\t\t<\/section>\n\t\t\t\t<section class=\"elementor-section elementor-top-section elementor-element elementor-element-3d1a4cd elementor-section-boxed elementor-section-height-default elementor-section-height-default\" data-id=\"3d1a4cd\" data-element_type=\"section\" data-settings=\"{&quot;background_background&quot;:&quot;classic&quot;}\">\n\t\t\t\t\t\t\t<div class=\"elementor-background-overlay\"><\/div>\n\t\t\t\t\t\t\t<div class=\"elementor-container elementor-column-gap-no\">\n\t\t\t\t\t<div class=\"elementor-column elementor-col-100 elementor-top-column elementor-element elementor-element-ffd041b sc_layouts_column_icons_position_left\" data-id=\"ffd041b\" data-element_type=\"column\">\n\t\t\t<div class=\"elementor-widget-wrap elementor-element-populated\">\n\t\t\t\t\t\t<div class=\"elementor-element elementor-element-61a262b elementor-widget elementor-widget-spacer\" data-id=\"61a262b\" data-element_type=\"widget\" data-widget_type=\"spacer.default\">\n\t\t\t\t<div class=\"elementor-widget-container\">\n\t\t\t\t\t\t\t<div class=\"elementor-spacer\">\n\t\t\t<div class=\"elementor-spacer-inner\"><\/div>\n\t\t<\/div>\n\t\t\t\t\t\t<\/div>\n\t\t\t\t<\/div>\n\t\t\t\t<section class=\"elementor-section elementor-inner-section elementor-element elementor-element-87f9622 elementor-section-boxed elementor-section-height-default elementor-section-height-default\" data-id=\"87f9622\" data-element_type=\"section\">\n\t\t\t\t\t\t<div class=\"elementor-container elementor-column-gap-no\">\n\t\t\t\t\t<div class=\"elementor-column elementor-col-100 elementor-inner-column elementor-element elementor-element-ad3690c sc_layouts_column_icons_position_left\" data-id=\"ad3690c\" data-element_type=\"column\">\n\t\t\t<div class=\"elementor-widget-wrap elementor-element-populated\">\n\t\t\t\t\t\t<div class=\"elementor-element elementor-element-fefedf9 elementor-widget elementor-widget-trx_sc_promo\" data-id=\"fefedf9\" data-element_type=\"widget\" data-widget_type=\"trx_sc_promo.default\">\n\t\t\t\t<div class=\"elementor-widget-container\">\n\t\t\t\t\t<div  id=\"trx_sc_promo_390765831\" \n\tclass=\"sc_promo sc_promo_default sc_promo_size_normal sc_promo_image_position_left\"><div class=\"sc_promo_image\" style=\"background-image:url(\/\/demos.uptitude.fr\/savviry1\/wp-content\/uploads\/2018\/06\/img-7-copyright.jpg);width:50%;left: 0;\"><\/div><!-- \/.sc_promo_image --><div class=\"sc_promo_text\" style=\"width: 50%;float: right;\">\n\t\t\t<div class=\"sc_promo_text_inner trx_addons_inline_1415684176\"><span class=\"sc_item_subtitle sc_promo_subtitle sc_item_subtitle_above sc_item_title_style_accent\">Spiritual<\/span><h3 class=\"sc_item_title sc_promo_title sc_item_title_style_accent\"><span class=\"sc_item_title_text\">Les fun\u00e9railles<\/span><\/h3><div class=\"sc_item_descr sc_promo_descr\"><p>Lors d\u2019un d\u00e9c\u00e8s, le lieu, la date et l\u2019horaire de la c\u00e9l\u00e9bration religieuse ne peuvent \u00eatre fix\u00e9s qu\u2019en concertation avec les pompes fun\u00e8bres qui coordonnent les nombreuses d\u00e9marches (cimeti\u00e8re, cr\u00e9matorium, police, porteurs\u2026). La famille prend donc d\u2019abord contact avec elles.<\/p>\n<p>La c\u00e9r\u00e9monie religieuse est ind\u00e9pendante des pompes fun\u00e8bres mais une concertation est n\u00e9cessaire (transport, porteurs, coordination des horaires\u2026).<\/p>\n<p>Une \u00e9quipe de paroissiens ayant re\u00e7u mission de l\u2019\u00e9glise \u00e0 cet effet (dite \u00ab \u00e9quipe Esp\u00e9rance \u00bb) est \u00e0 la disposition de la famille pour pr\u00e9parer la c\u00e9r\u00e9monie et pour \u00e9ventuellement la pr\u00e9sider.<\/p>\n<p>C\u2019est l\u2019entreprise que vous avez choisit qui nous contactera .<br \/>\nObseques<\/p>\n<p>    Pour Savigny : 06 88 65 13 72<br \/>\n    Pour Viry : 06 10 40 21 89<\/p>\n<p>C\u2019est \u00e0 ces num\u00e9ros que nous fixerons avec eux la date et l\u2019heure de la c\u00e9l\u00e9bration.<br \/>\n(\u00e0 l\u2019exception de tout autre contact -pour des raisons de concertation de planning-) <\/p>\n<p>Munie des renseignements donn\u00e9s par l\u2019entreprise, un membre de l\u2019\u00e9quipe vous contactera. Tandis que les pompes fun\u00e8bres confirmeront tous les d\u00e9tails<br \/>\nPour Savigny par mail : [email protected]<br \/>\nPour Viry  par mail :<\/p>\n<p>En cas de difficult\u00e9 seulement, vous pourrez appeler l\u2019\u00e9quipe Esp\u00e9rance \u00e0 ce num\u00e9ro<br \/>\nIl est inutile d\u2019appeler les accueils qui n\u2019ont pas les renseignements :<\/p>\n<p>Ainsi vous serez en contact avec l\u2019\u00e9quipe qui assure ce service au nom de l\u2019Eglise et vous pourrez les rencontrer pour b\u00e2tir avec eux la c\u00e9l\u00e9bration du \u00ab Dernier A-Dieu \u00bb.<\/p>\n<\/div><\/div>\n\t\t<\/div><!-- \/.sc_promo_text --><\/div><!-- \/.sc_promo -->\t\t\t\t<\/div>\n\t\t\t\t<\/div>\n\t\t\t\t\t<\/div>\n\t\t<\/div>\n\t\t\t\t\t<\/div>\n\t\t<\/section>\n\t\t\t\t<section class=\"elementor-section elementor-inner-section elementor-element elementor-element-cddc930 elementor-section-boxed elementor-section-height-default elementor-section-height-default\" data-id=\"cddc930\" data-element_type=\"section\">\n\t\t\t\t\t\t<div class=\"elementor-container elementor-column-gap-no\">\n\t\t\t\t\t<div class=\"elementor-column elementor-col-100 elementor-inner-column elementor-element elementor-element-f2641c7 sc_layouts_column_icons_position_left\" data-id=\"f2641c7\" data-element_type=\"column\">\n\t\t\t<div class=\"elementor-widget-wrap elementor-element-populated\">\n\t\t\t\t\t\t<div class=\"elementor-element elementor-element-3b0fcde elementor-widget elementor-widget-spacer\" data-id=\"3b0fcde\" data-element_type=\"widget\" data-widget_type=\"spacer.default\">\n\t\t\t\t<div class=\"elementor-widget-container\">\n\t\t\t\t\t\t\t<div class=\"elementor-spacer\">\n\t\t\t<div class=\"elementor-spacer-inner\"><\/div>\n\t\t<\/div>\n\t\t\t\t\t\t<\/div>\n\t\t\t\t<\/div>\n\t\t\t\t<div class=\"elementor-element elementor-element-2df1202 elementor-widget elementor-widget-trx_sc_promo\" data-id=\"2df1202\" data-element_type=\"widget\" data-widget_type=\"trx_sc_promo.default\">\n\t\t\t\t<div class=\"elementor-widget-container\">\n\t\t\t\t\t<div  id=\"trx_sc_promo_1684814051\" \n\tclass=\"sc_promo sc_promo_default sc_promo_size_normal sc_promo_image_position_right\"><div class=\"sc_promo_image\" style=\"background-image:url(\/\/demos.uptitude.fr\/savviry1\/wp-content\/uploads\/2018\/06\/img-8-copyright.jpg);width:50%;right: 0;\"><\/div><!-- \/.sc_promo_image --><div class=\"sc_promo_text\" style=\"width: 50%;float: left;\">\n\t\t\t<div class=\"sc_promo_text_inner trx_addons_inline_1092263528\"><h3 class=\"sc_item_title sc_promo_title sc_item_title_style_accent\"><span class=\"sc_item_title_text\">L\u2019\u00e9quipe Esp\u00e9rance<\/span><\/h3><div class=\"sc_item_descr sc_promo_descr\"><p>L\u2019\u00e9quipe Esp\u00e9rance est compos\u00e9e de la\u00efcs b\u00e9n\u00e9voles form\u00e9s pour accompagner ceux qui vivent un deuil.<\/p>\n<p>Elle repr\u00e9sente la communaut\u00e9 chr\u00e9tienne qui s\u2019associe aux familles et prie dans l\u2019esp\u00e9rance de la r\u00e9surrection pour celui\/celle qui est parti vivre une vie nouvelle en Dieu.<\/p>\n<p>Elle aide \u00e0 organiser et animer la c\u00e9l\u00e9bration des fun\u00e9railles avec les familles qui souhaitent des obs\u00e8ques religieuses pour accompagner leur d\u00e9funt.<\/p>\n<p>Cette c\u00e9l\u00e9bration est pr\u00e9sid\u00e9e par un la\u00efc, un diacre ou un pr\u00eatre.<\/p>\n<p>Nota :<\/p>\n<p>    Il ne s\u2019agit pas d\u2019un sacrement, mais d\u2019une pri\u00e8re avec celui\/celle que nous accompagnons.<br \/>\n    Le sacrement qui y est associ\u00e9 est celui du bapt\u00eame puisqu\u2019il nous a unis une fois pour toutes \u00e0 la mort et la r\u00e9surrection du Christ (d\u2019o\u00f9 autant que possible la b\u00e9n\u00e9diction avec l\u2019eau du bapt\u00eame).<br \/>\n    Les d\u00e9funts sont confi\u00e9s \u00e0 la pri\u00e8re de toute la communaut\u00e9 chr\u00e9tienne au cours de la messe dominicale qui suivra (et d\u2019autres si vous souhaitez \u00ab faire dire une messe \u00bb pour eux).<br \/>\n     Nous nous retrouvons le 2 novembre pour prier pour \u00ab tous les d\u00e9funts \u00bb.<\/p>\n<p>Rappel \u00e0 propos de la cr\u00e9mation : M\u00eame si elle pr\u00e9f\u00e8re l\u2019ensevelissement \u2013comme le Christ\u2013 l\u2019\u00c9glise ne s\u2019oppose pas \u00e0 la cr\u00e9mation. Cependant elle vous demande de privil\u00e9gier que la c\u00e9l\u00e9bration ait lieu avant et en pr\u00e9sence du corps.<\/p>\n<\/div><\/div>\n\t\t<\/div><!-- \/.sc_promo_text --><\/div><!-- \/.sc_promo -->\t\t\t\t<\/div>\n\t\t\t\t<\/div>\n\t\t\t\t\t<\/div>\n\t\t<\/div>\n\t\t\t\t\t<\/div>\n\t\t<\/section>\n\t\t\t\t<div class=\"elementor-element elementor-element-f80b302 elementor-widget elementor-widget-spacer\" data-id=\"f80b302\" data-element_type=\"widget\" data-widget_type=\"spacer.default\">\n\t\t\t\t<div class=\"elementor-widget-container\">\n\t\t\t\t\t\t\t<div class=\"elementor-spacer\">\n\t\t\t<div class=\"elementor-spacer-inner\"><\/div>\n\t\t<\/div>\n\t\t\t\t\t\t<\/div>\n\t\t\t\t<\/div>\n\t\t\t\t<div class=\"elementor-element elementor-element-190cb8b elementor-widget elementor-widget-spacer\" data-id=\"190cb8b\" data-element_type=\"widget\" data-widget_type=\"spacer.default\">\n\t\t\t\t<div class=\"elementor-widget-container\">\n\t\t\t\t\t\t\t<div class=\"elementor-spacer\">\n\t\t\t<div class=\"elementor-spacer-inner\"><\/div>\n\t\t<\/div>\n\t\t\t\t\t\t<\/div>\n\t\t\t\t<\/div>\n\t\t\t\t\t<\/div>\n\t\t<\/div>\n\t\t\t\t\t<\/div>\n\t\t<\/section>\n\t\t\t\t\t<\/div>\n\t\t<\/div>\n\t\t\t\t\t<\/div>\n\t\t<\/section>\n\t\t\t\t<section class=\"elementor-section elementor-top-section elementor-element elementor-element-79a7c4e elementor-section-stretched elementor-section-boxed elementor-section-height-default elementor-section-height-default\" data-id=\"79a7c4e\" data-element_type=\"section\" data-settings=\"{&quot;stretch_section&quot;:&quot;section-stretched&quot;,&quot;background_background&quot;:&quot;classic&quot;}\">\n\t\t\t\t\t\t<div class=\"elementor-container elementor-column-gap-extended\">\n\t\t\t\t\t<div class=\"elementor-column elementor-col-100 elementor-top-column elementor-element elementor-element-b78c109 sc_layouts_column_icons_position_left\" data-id=\"b78c109\" data-element_type=\"column\">\n\t\t\t<div class=\"elementor-widget-wrap elementor-element-populated\">\n\t\t\t\t\t\t<div class=\"elementor-element elementor-element-803dcfb elementor-widget elementor-widget-spacer\" data-id=\"803dcfb\" data-element_type=\"widget\" data-widget_type=\"spacer.default\">\n\t\t\t\t<div class=\"elementor-widget-container\">\n\t\t\t\t\t\t\t<div class=\"elementor-spacer\">\n\t\t\t<div class=\"elementor-spacer-inner\"><\/div>\n\t\t<\/div>\n\t\t\t\t\t\t<\/div>\n\t\t\t\t<\/div>\n\t\t\t\t<section class=\"elementor-section elementor-inner-section elementor-element elementor-element-8975c95 elementor-section-boxed elementor-section-height-default elementor-section-height-default\" data-id=\"8975c95\" data-element_type=\"section\">\n\t\t\t\t\t\t<div class=\"elementor-container elementor-column-gap-extended\">\n\t\t\t\t\t<div class=\"elementor-column elementor-col-16 elementor-inner-column elementor-element elementor-element-e934ce5 sc_layouts_column_icons_position_left\" data-id=\"e934ce5\" data-element_type=\"column\">\n\t\t\t<div class=\"elementor-widget-wrap\">\n\t\t\t\t\t\t\t<\/div>\n\t\t<\/div>\n\t\t\t\t<div class=\"elementor-column elementor-col-66 elementor-inner-column elementor-element elementor-element-0fc4815 sc_layouts_column_icons_position_left\" data-id=\"0fc4815\" data-element_type=\"column\">\n\t\t\t<div class=\"elementor-widget-wrap elementor-element-populated\">\n\t\t\t\t\t\t<div class=\"elementor-element elementor-element-3ae7653 elementor-widget elementor-widget-trx_sc_title\" data-id=\"3ae7653\" data-element_type=\"widget\" data-widget_type=\"trx_sc_title.default\">\n\t\t\t\t<div class=\"elementor-widget-container\">\n\t\t\t\t\t<div id=\"trx_sc_title_1376078282\"\n\t\tclass=\"sc_title sc_title_default\"><span class=\"sc_item_subtitle sc_title_subtitle sc_align_center sc_item_subtitle_above sc_item_title_style_default\">Subtitle<\/span><h2 class=\"sc_item_title sc_title_title sc_align_center sc_item_title_style_default trx_addons_inline_1483208843\"><span class=\"sc_item_title_text\">J\u00e9sus lui dit : \u00ab Moi, je suis la r\u00e9surrection et la vie. Celui qui croit en moi, m\u00eame s\u2019il meurt, vivra ;  quiconque vit et croit en moi ne mourra jamais. Crois-tu cela ? \u00bb<\/span><\/h2><div class=\"sc_item_descr sc_title_descr sc_align_center\"><p>Jean 11, 25-26<\/p>\n<\/div><\/div><!-- \/.sc_title -->\t\t\t\t<\/div>\n\t\t\t\t<\/div>\n\t\t\t\t\t<\/div>\n\t\t<\/div>\n\t\t\t\t<div class=\"elementor-column elementor-col-16 elementor-inner-column elementor-element elementor-element-08c8e06 sc_layouts_column_icons_position_left\" data-id=\"08c8e06\" data-element_type=\"column\">\n\t\t\t<div class=\"elementor-widget-wrap\">\n\t\t\t\t\t\t\t<\/div>\n\t\t<\/div>\n\t\t\t\t\t<\/div>\n\t\t<\/section>\n\t\t\t\t<div class=\"elementor-element elementor-element-cfc9256 elementor-widget elementor-widget-spacer\" data-id=\"cfc9256\" data-element_type=\"widget\" data-widget_type=\"spacer.default\">\n\t\t\t\t<div class=\"elementor-widget-container\">\n\t\t\t\t\t\t\t<div class=\"elementor-spacer\">\n\t\t\t<div class=\"elementor-spacer-inner\"><\/div>\n\t\t<\/div>\n\t\t\t\t\t\t<\/div>\n\t\t\t\t<\/div>\n\t\t\t\t\t<\/div>\n\t\t<\/div>\n\t\t\t\t\t<\/div>\n\t\t<\/section>\n\t\t\t\t<\/div>\n\t\t","protected":false},"excerpt":{"rendered":"<p>Les obs\u00e8qures religuieuses L\u2019\u00e9glise a \u00e0 c\u0153ur d\u2019accompagner ceux qui sont dans la peine, et, de c\u00e9l\u00e9brer que pour un croyant la vie sur terre est \u00ab\u00a0p\u00e8lerinage sur la terre\u00a0\u00bb dont la fin est en Dieu \u00e0 la suite&hellip;<\/p>\n","protected":false},"author":1,"featured_media":0,"parent":0,"menu_order":0,"comment_status":"closed","ping_status":"closed","template":"","meta":{"give_campaign_id":0,"footnotes":""},"class_list":["post-8209","page","type-page","status-publish","hentry"],"campaignId":"","_links":{"self":[{"href":"https:\/\/demos.uptitude.fr\/savviry1\/wp-json\/wp\/v2\/pages\/8209","targetHints":{"allow":["GET"]}}],"collection":[{"href":"https:\/\/demos.uptitude.fr\/savviry1\/wp-json\/wp\/v2\/pages"}],"about":[{"href":"https:\/\/demos.uptitude.fr\/savviry1\/wp-json\/wp\/v2\/types\/page"}],"author":[{"embeddable":true,"href":"https:\/\/demos.uptitude.fr\/savviry1\/wp-json\/wp\/v2\/users\/1"}],"replies":[{"embeddable":true,"href":"https:\/\/demos.uptitude.fr\/savviry1\/wp-json\/wp\/v2\/comments?post=8209"}],"version-history":[{"count":4,"href":"https:\/\/demos.uptitude.fr\/savviry1\/wp-json\/wp\/v2\/pages\/8209\/revisions"}],"predecessor-version":[{"id":8221,"href":"https:\/\/demos.uptitude.fr\/savviry1\/wp-json\/wp\/v2\/pages\/8209\/revisions\/8221"}],"wp:attachment":[{"href":"https:\/\/demos.uptitude.fr\/savviry1\/wp-json\/wp\/v2\/media?parent=8209"}],"curies":[{"name":"wp","href":"https:\/\/api.w.org\/{rel}","templated":true}]}}