{"id":8324,"date":"2025-09-13T18:01:41","date_gmt":"2025-09-13T16:01:41","guid":{"rendered":"https:\/\/demos.uptitude.fr\/savviry1\/?page_id=8324"},"modified":"2025-09-29T00:50:23","modified_gmt":"2025-09-28T22:50:23","slug":"la-catechese-de-lenfance","status":"publish","type":"page","link":"https:\/\/demos.uptitude.fr\/savviry1\/decouvrir-servir-leglise\/la-catechese-de-lenfance\/","title":{"rendered":"La cat\u00e9ch\u00e8se de l&rsquo;enfance"},"content":{"rendered":"\t\t<div data-elementor-type=\"wp-post\" data-elementor-id=\"8324\" class=\"elementor elementor-8324\" data-elementor-settings=\"{&quot;element_pack_global_tooltip_width&quot;:{&quot;unit&quot;:&quot;px&quot;,&quot;size&quot;:&quot;&quot;,&quot;sizes&quot;:[]},&quot;element_pack_global_tooltip_width_tablet&quot;:{&quot;unit&quot;:&quot;px&quot;,&quot;size&quot;:&quot;&quot;,&quot;sizes&quot;:[]},&quot;element_pack_global_tooltip_width_mobile&quot;:{&quot;unit&quot;:&quot;px&quot;,&quot;size&quot;:&quot;&quot;,&quot;sizes&quot;:[]},&quot;element_pack_global_tooltip_padding&quot;:{&quot;unit&quot;:&quot;px&quot;,&quot;top&quot;:&quot;&quot;,&quot;right&quot;:&quot;&quot;,&quot;bottom&quot;:&quot;&quot;,&quot;left&quot;:&quot;&quot;,&quot;isLinked&quot;:true},&quot;element_pack_global_tooltip_padding_tablet&quot;:{&quot;unit&quot;:&quot;px&quot;,&quot;top&quot;:&quot;&quot;,&quot;right&quot;:&quot;&quot;,&quot;bottom&quot;:&quot;&quot;,&quot;left&quot;:&quot;&quot;,&quot;isLinked&quot;:true},&quot;element_pack_global_tooltip_padding_mobile&quot;:{&quot;unit&quot;:&quot;px&quot;,&quot;top&quot;:&quot;&quot;,&quot;right&quot;:&quot;&quot;,&quot;bottom&quot;:&quot;&quot;,&quot;left&quot;:&quot;&quot;,&quot;isLinked&quot;:true},&quot;element_pack_global_tooltip_border_radius&quot;:{&quot;unit&quot;:&quot;px&quot;,&quot;top&quot;:&quot;&quot;,&quot;right&quot;:&quot;&quot;,&quot;bottom&quot;:&quot;&quot;,&quot;left&quot;:&quot;&quot;,&quot;isLinked&quot;:true},&quot;element_pack_global_tooltip_border_radius_tablet&quot;:{&quot;unit&quot;:&quot;px&quot;,&quot;top&quot;:&quot;&quot;,&quot;right&quot;:&quot;&quot;,&quot;bottom&quot;:&quot;&quot;,&quot;left&quot;:&quot;&quot;,&quot;isLinked&quot;:true},&quot;element_pack_global_tooltip_border_radius_mobile&quot;:{&quot;unit&quot;:&quot;px&quot;,&quot;top&quot;:&quot;&quot;,&quot;right&quot;:&quot;&quot;,&quot;bottom&quot;:&quot;&quot;,&quot;left&quot;:&quot;&quot;,&quot;isLinked&quot;:true}}\" data-elementor-post-type=\"page\">\n\t\t\t\t\t\t<section class=\"elementor-section elementor-top-section elementor-element elementor-element-72b9bd9 elementor-section-stretched elementor-section-boxed elementor-section-height-default elementor-section-height-default\" data-id=\"72b9bd9\" data-element_type=\"section\" data-settings=\"{&quot;stretch_section&quot;:&quot;section-stretched&quot;,&quot;background_background&quot;:&quot;classic&quot;}\">\n\t\t\t\t\t\t<div class=\"elementor-container elementor-column-gap-no\">\n\t\t\t\t\t<div class=\"elementor-column elementor-col-100 elementor-top-column elementor-element elementor-element-ffce0bc sc_layouts_column_icons_position_left\" data-id=\"ffce0bc\" data-element_type=\"column\">\n\t\t\t<div class=\"elementor-widget-wrap elementor-element-populated\">\n\t\t\t\t\t\t<div class=\"elementor-element elementor-element-1937511 elementor-widget elementor-widget-spacer\" data-id=\"1937511\" data-element_type=\"widget\" data-widget_type=\"spacer.default\">\n\t\t\t\t<div class=\"elementor-widget-container\">\n\t\t\t\t\t\t\t<div class=\"elementor-spacer\">\n\t\t\t<div class=\"elementor-spacer-inner\"><\/div>\n\t\t<\/div>\n\t\t\t\t\t\t<\/div>\n\t\t\t\t<\/div>\n\t\t\t\t\t<\/div>\n\t\t<\/div>\n\t\t\t\t\t<\/div>\n\t\t<\/section>\n\t\t\t\t<section class=\"elementor-section elementor-top-section elementor-element elementor-element-72d22c5 elementor-section-boxed elementor-section-height-default elementor-section-height-default\" data-id=\"72d22c5\" data-element_type=\"section\">\n\t\t\t\t\t\t<div class=\"elementor-container elementor-column-gap-extended\">\n\t\t\t\t\t<div class=\"elementor-column elementor-col-100 elementor-top-column elementor-element elementor-element-ee252cf sc_layouts_column_icons_position_left\" data-id=\"ee252cf\" data-element_type=\"column\">\n\t\t\t<div class=\"elementor-widget-wrap elementor-element-populated\">\n\t\t\t\t\t\t<div class=\"elementor-element elementor-element-b848dc1 elementor-widget elementor-widget-heading\" data-id=\"b848dc1\" data-element_type=\"widget\" data-widget_type=\"heading.default\">\n\t\t\t\t<div class=\"elementor-widget-container\">\n\t\t\t\t\t<h1 class=\"elementor-heading-title elementor-size-default\">La cat\u00e9ch\u00e8se de l'enfance<\/h1>\t\t\t\t<\/div>\n\t\t\t\t<\/div>\n\t\t\t\t<div class=\"elementor-element elementor-element-f12f5ad elementor-widget elementor-widget-spacer\" data-id=\"f12f5ad\" data-element_type=\"widget\" data-widget_type=\"spacer.default\">\n\t\t\t\t<div class=\"elementor-widget-container\">\n\t\t\t\t\t\t\t<div class=\"elementor-spacer\">\n\t\t\t<div class=\"elementor-spacer-inner\"><\/div>\n\t\t<\/div>\n\t\t\t\t\t\t<\/div>\n\t\t\t\t<\/div>\n\t\t\t\t<div class=\"elementor-element elementor-element-e532f4e elementor-widget elementor-widget-spacer\" data-id=\"e532f4e\" data-element_type=\"widget\" data-widget_type=\"spacer.default\">\n\t\t\t\t<div class=\"elementor-widget-container\">\n\t\t\t\t\t\t\t<div class=\"elementor-spacer\">\n\t\t\t<div class=\"elementor-spacer-inner\"><\/div>\n\t\t<\/div>\n\t\t\t\t\t\t<\/div>\n\t\t\t\t<\/div>\n\t\t\t\t\t<\/div>\n\t\t<\/div>\n\t\t\t\t\t<\/div>\n\t\t<\/section>\n\t\t\t\t<section class=\"elementor-section elementor-top-section elementor-element elementor-element-eddbf9b elementor-section-boxed elementor-section-height-default elementor-section-height-default\" data-id=\"eddbf9b\" data-element_type=\"section\">\n\t\t\t\t\t\t<div class=\"elementor-container elementor-column-gap-extended\">\n\t\t\t\t\t<div class=\"elementor-column elementor-col-100 elementor-top-column elementor-element elementor-element-dffae42 sc_layouts_column_icons_position_left\" data-id=\"dffae42\" data-element_type=\"column\">\n\t\t\t<div class=\"elementor-widget-wrap elementor-element-populated\">\n\t\t\t\t\t\t<div class=\"elementor-element elementor-element-8e1d7e6 elementor-widget elementor-widget-heading\" data-id=\"8e1d7e6\" data-element_type=\"widget\" data-widget_type=\"heading.default\">\n\t\t\t\t<div class=\"elementor-widget-container\">\n\t\t\t\t\t<h2 class=\"elementor-heading-title elementor-size-default\">\u00c9veil \u00e0 la foi<\/h2>\t\t\t\t<\/div>\n\t\t\t\t<\/div>\n\t\t\t\t<div class=\"elementor-element elementor-element-194d145 elementor-widget elementor-widget-spacer\" data-id=\"194d145\" data-element_type=\"widget\" data-widget_type=\"spacer.default\">\n\t\t\t\t<div class=\"elementor-widget-container\">\n\t\t\t\t\t\t\t<div class=\"elementor-spacer\">\n\t\t\t<div class=\"elementor-spacer-inner\"><\/div>\n\t\t<\/div>\n\t\t\t\t\t\t<\/div>\n\t\t\t\t<\/div>\n\t\t\t\t\t<\/div>\n\t\t<\/div>\n\t\t\t\t\t<\/div>\n\t\t<\/section>\n\t\t\t\t<section class=\"elementor-section elementor-top-section elementor-element elementor-element-0bb69f9 elementor-section-boxed elementor-section-height-default elementor-section-height-default\" data-id=\"0bb69f9\" data-element_type=\"section\">\n\t\t\t\t\t\t<div class=\"elementor-container elementor-column-gap-extended\">\n\t\t\t\t\t<div class=\"elementor-column elementor-col-33 elementor-top-column elementor-element elementor-element-dc2df96 sc_layouts_column_icons_position_left\" data-id=\"dc2df96\" data-element_type=\"column\">\n\t\t\t<div class=\"elementor-widget-wrap elementor-element-populated\">\n\t\t\t\t\t\t<div class=\"elementor-element elementor-element-e8bd411 elementor-widget elementor-widget-text-editor\" data-id=\"e8bd411\" data-element_type=\"widget\" data-widget_type=\"text-editor.default\">\n\t\t\t\t<div class=\"elementor-widget-container\">\n\t\t\t\t\t\t\t\t\t<p><span style=\"font-family: verdana,geneva,sans-serif; font-size: 16px;\">L\u2019\u00e9veil \u00e0 la foi s\u2019adresse aux enfants, \u00e0 partir de l\u2019\u00e2ge de 4 ans et jusqu\u2019\u00e0 l\u2019entr\u00e9e au cat\u00e9chisme\u00a0<\/span><span style=\"font-family: verdana, geneva, sans-serif; font-size: 16px;\">(en principe d\u00e8s le C.E.1.)<\/span><\/p><p><span style=\"font-family: verdana,geneva,sans-serif; font-size: 16px;\">Une c\u00e9l\u00e9bration mensuelle les regroupe, en pr\u00e9sence de leurs parents, pour les initier aux \u00e9l\u00e9ments de la foi.<\/span><\/p><p class=\"wp-block-heading\"><strong>Contacts<\/strong><\/p><p><strong>Pour Savigny :<\/strong> Laurence GALMARD, <a href=\"mailto:laurence.galmard@free.fr\">laurence.galmard@free.fr<\/a><\/p><p><strong>Pour Viry :<\/strong> recherche en cours\u00a0<\/p><p><span style=\"font-family: verdana,geneva,sans-serif; font-size: 16px;\">\u00a0<\/span><\/p>\t\t\t\t\t\t\t\t<\/div>\n\t\t\t\t<\/div>\n\t\t\t\t\t<\/div>\n\t\t<\/div>\n\t\t\t\t<div class=\"elementor-column elementor-col-66 elementor-top-column elementor-element elementor-element-b5e78a0 sc_layouts_column_icons_position_left\" data-id=\"b5e78a0\" data-element_type=\"column\">\n\t\t\t<div class=\"elementor-widget-wrap elementor-element-populated\">\n\t\t\t\t\t\t<div class=\"elementor-element elementor-element-21bffae elementor-widget elementor-widget-heading\" data-id=\"21bffae\" data-element_type=\"widget\" data-widget_type=\"heading.default\">\n\t\t\t\t<div class=\"elementor-widget-container\">\n\t\t\t\t\t<h3 class=\"elementor-heading-title elementor-size-default\">Prochaines dates de l'\u00e9veil \u00e0 la foi<\/h3>\t\t\t\t<\/div>\n\t\t\t\t<\/div>\n\t\t\t\t<div class=\"elementor-element elementor-element-d2f5c1e elementor-widget elementor-widget-bdt-event-list\" data-id=\"d2f5c1e\" data-element_type=\"widget\" data-widget_type=\"bdt-event-list.default\">\n\t\t\t\t<div class=\"elementor-widget-container\">\n\t\t\t\t\t\t\t<div id=\"bdt-event-d2f5c1e\" class=\"bdt-event-list bdt-event-calendar\">\n\t\t\t<div class=\"bdt-list bdt-list-large\">\n\n\t\t\t<div class=\"bdt-alert bdt-alert-warning\">No events!<\/div>\n\t\t\t<\/div>\n\t\t<\/div>\n\t\t\t\t\t<\/div>\n\t\t\t\t<\/div>\n\t\t\t\t\t<\/div>\n\t\t<\/div>\n\t\t\t\t\t<\/div>\n\t\t<\/section>\n\t\t\t\t<section class=\"elementor-section elementor-top-section elementor-element elementor-element-282448c elementor-section-boxed elementor-section-height-default elementor-section-height-default\" data-id=\"282448c\" data-element_type=\"section\">\n\t\t\t\t\t\t<div class=\"elementor-container elementor-column-gap-extended\">\n\t\t\t\t\t<div class=\"elementor-column elementor-col-100 elementor-top-column elementor-element elementor-element-5fc8f7e sc_layouts_column_icons_position_left\" data-id=\"5fc8f7e\" data-element_type=\"column\">\n\t\t\t<div class=\"elementor-widget-wrap elementor-element-populated\">\n\t\t\t\t\t\t<div class=\"elementor-element elementor-element-d092bee sc_layouts_hide_on_wide sc_layouts_hide_on_desktop sc_layouts_hide_on_notebook sc_layouts_hide_on_tablet elementor-widget elementor-widget-spacer\" data-id=\"d092bee\" data-element_type=\"widget\" data-widget_type=\"spacer.default\">\n\t\t\t\t<div class=\"elementor-widget-container\">\n\t\t\t\t\t\t\t<div class=\"elementor-spacer\">\n\t\t\t<div class=\"elementor-spacer-inner\"><\/div>\n\t\t<\/div>\n\t\t\t\t\t\t<\/div>\n\t\t\t\t<\/div>\n\t\t\t\t<div class=\"elementor-element elementor-element-5aa8eb3 elementor-widget elementor-widget-heading\" data-id=\"5aa8eb3\" data-element_type=\"widget\" data-widget_type=\"heading.default\">\n\t\t\t\t<div class=\"elementor-widget-container\">\n\t\t\t\t\t<h2 class=\"elementor-heading-title elementor-size-default\">Le cat\u00e9chisme<\/h2>\t\t\t\t<\/div>\n\t\t\t\t<\/div>\n\t\t\t\t\t<\/div>\n\t\t<\/div>\n\t\t\t\t\t<\/div>\n\t\t<\/section>\n\t\t\t\t<section class=\"elementor-section elementor-top-section elementor-element elementor-element-dbf5e0d elementor-section-boxed elementor-section-height-default elementor-section-height-default\" data-id=\"dbf5e0d\" data-element_type=\"section\">\n\t\t\t\t\t\t<div class=\"elementor-container elementor-column-gap-extended\">\n\t\t\t\t\t<div class=\"elementor-column elementor-col-100 elementor-top-column elementor-element elementor-element-7d9afe4 sc_layouts_column_icons_position_left\" data-id=\"7d9afe4\" data-element_type=\"column\">\n\t\t\t<div class=\"elementor-widget-wrap elementor-element-populated\">\n\t\t\t\t\t\t<div class=\"elementor-element elementor-element-b51dbc9 elementor-widget elementor-widget-spacer\" data-id=\"b51dbc9\" data-element_type=\"widget\" data-widget_type=\"spacer.default\">\n\t\t\t\t<div class=\"elementor-widget-container\">\n\t\t\t\t\t\t\t<div class=\"elementor-spacer\">\n\t\t\t<div class=\"elementor-spacer-inner\"><\/div>\n\t\t<\/div>\n\t\t\t\t\t\t<\/div>\n\t\t\t\t<\/div>\n\t\t\t\t\t<\/div>\n\t\t<\/div>\n\t\t\t\t\t<\/div>\n\t\t<\/section>\n\t\t\t\t<section class=\"elementor-section elementor-top-section elementor-element elementor-element-d4d7e53 elementor-section-boxed elementor-section-height-default elementor-section-height-default\" data-id=\"d4d7e53\" data-element_type=\"section\">\n\t\t\t\t\t\t<div class=\"elementor-container elementor-column-gap-extended\">\n\t\t\t\t\t<div class=\"elementor-column elementor-col-50 elementor-top-column elementor-element elementor-element-3e4a188 sc_layouts_column_icons_position_left\" data-id=\"3e4a188\" data-element_type=\"column\">\n\t\t\t<div class=\"elementor-widget-wrap elementor-element-populated\">\n\t\t\t\t\t\t<div class=\"elementor-element elementor-element-7d56905 elementor-widget elementor-widget-image\" data-id=\"7d56905\" data-element_type=\"widget\" data-widget_type=\"image.default\">\n\t\t\t\t<div class=\"elementor-widget-container\">\n\t\t\t\t\t\t\t\t\t\t\t\t\t\t\t<img decoding=\"async\" src=\"https:\/\/www.savigny-viry-catholique.fr\/wp-content\/uploads\/2023\/07\/Bandeau-affiche-KT-2023-2-1024x507.png\" title=\"\" alt=\"\" loading=\"lazy\" \/>\t\t\t\t\t\t\t\t\t\t\t\t\t\t\t<\/div>\n\t\t\t\t<\/div>\n\t\t\t\t\t<\/div>\n\t\t<\/div>\n\t\t\t\t<div class=\"elementor-column elementor-col-50 elementor-top-column elementor-element elementor-element-cabcab0 sc_layouts_column_icons_position_left\" data-id=\"cabcab0\" data-element_type=\"column\">\n\t\t\t<div class=\"elementor-widget-wrap elementor-element-populated\">\n\t\t\t\t\t\t<div class=\"elementor-element elementor-element-9a0bacc elementor-widget elementor-widget-text-editor\" data-id=\"9a0bacc\" data-element_type=\"widget\" data-widget_type=\"text-editor.default\">\n\t\t\t\t<div class=\"elementor-widget-container\">\n\t\t\t\t\t\t\t\t\t<p>La premi\u00e8re ann\u00e9e de cat\u00e9chisme s\u2019adresse aux enfants qui sont au CE1 mais il n\u2019y a pas d\u2019\u00e2ge pour commencer.<\/p><p>De m\u00eame, les enfants non baptis\u00e9s sont accueillis et peuvent se pr\u00e9parer au Sacrement du bapt\u00eame en petit groupe accompagn\u00e9 d\u2019une animatrice.<\/p><p>Si vous avez des enfants en \u00e2ge du cat\u00e9chisme (CE1 au CM2) n\u2019h\u00e9sitez pas \u00e0 contacter la coordinatrice de la cat\u00e9ch\u00e8se sur le secteur, Sandra CASTORIX pour prendre des renseignements et pour les inscrire.<\/p><p>Laissez-lui vos coordonn\u00e9es aux accueils des paroisses.<\/p>\t\t\t\t\t\t\t\t<\/div>\n\t\t\t\t<\/div>\n\t\t\t\t\t<\/div>\n\t\t<\/div>\n\t\t\t\t\t<\/div>\n\t\t<\/section>\n\t\t\t\t<section class=\"elementor-section elementor-top-section elementor-element elementor-element-4ddb2d0 elementor-section-boxed elementor-section-height-default elementor-section-height-default\" data-id=\"4ddb2d0\" data-element_type=\"section\">\n\t\t\t\t\t\t<div class=\"elementor-container elementor-column-gap-extended\">\n\t\t\t\t\t<div class=\"elementor-column elementor-col-50 elementor-top-column elementor-element elementor-element-c0c011a sc_layouts_column_icons_position_left\" data-id=\"c0c011a\" data-element_type=\"column\">\n\t\t\t<div class=\"elementor-widget-wrap elementor-element-populated\">\n\t\t\t\t\t\t<div class=\"elementor-element elementor-element-6d390ef elementor-widget elementor-widget-image\" data-id=\"6d390ef\" data-element_type=\"widget\" data-widget_type=\"image.default\">\n\t\t\t\t<div class=\"elementor-widget-container\">\n\t\t\t\t\t\t\t\t\t\t\t\t\t\t\t<img decoding=\"async\" src=\"https:\/\/www.savigny-viry-catholique.fr\/wp-content\/uploads\/2023\/07\/web-kt-campagne-2019-1240x620px6-avant-768x384.jpg\" title=\"\" alt=\"\" loading=\"lazy\" \/>\t\t\t\t\t\t\t\t\t\t\t\t\t\t\t<\/div>\n\t\t\t\t<\/div>\n\t\t\t\t\t<\/div>\n\t\t<\/div>\n\t\t\t\t<div class=\"elementor-column elementor-col-50 elementor-top-column elementor-element elementor-element-631a646 sc_layouts_column_icons_position_left\" data-id=\"631a646\" data-element_type=\"column\">\n\t\t\t<div class=\"elementor-widget-wrap elementor-element-populated\">\n\t\t\t\t\t\t<div class=\"elementor-element elementor-element-5333507 elementor-widget elementor-widget-image\" data-id=\"5333507\" data-element_type=\"widget\" data-widget_type=\"image.default\">\n\t\t\t\t<div class=\"elementor-widget-container\">\n\t\t\t\t\t\t\t\t\t\t\t\t\t\t\t<img decoding=\"async\" src=\"https:\/\/www.savigny-viry-catholique.fr\/wp-content\/uploads\/2023\/07\/web-kt-campagne-2019-1240x620px3-joie-duo-768x384.jpg\" title=\"\" alt=\"\" loading=\"lazy\" \/>\t\t\t\t\t\t\t\t\t\t\t\t\t\t\t<\/div>\n\t\t\t\t<\/div>\n\t\t\t\t\t<\/div>\n\t\t<\/div>\n\t\t\t\t\t<\/div>\n\t\t<\/section>\n\t\t\t\t<section class=\"elementor-section elementor-top-section elementor-element elementor-element-4246996 elementor-section-boxed elementor-section-height-default elementor-section-height-default\" data-id=\"4246996\" data-element_type=\"section\">\n\t\t\t\t\t\t<div class=\"elementor-container elementor-column-gap-extended\">\n\t\t\t\t\t<div class=\"elementor-column elementor-col-66 elementor-top-column elementor-element elementor-element-4ec109c sc_layouts_column_icons_position_left\" data-id=\"4ec109c\" data-element_type=\"column\">\n\t\t\t<div class=\"elementor-widget-wrap elementor-element-populated\">\n\t\t\t\t\t\t<div class=\"elementor-element elementor-element-62c9530 sc_layouts_hide_on_wide sc_layouts_hide_on_desktop sc_layouts_hide_on_notebook sc_layouts_hide_on_tablet elementor-widget elementor-widget-spacer\" data-id=\"62c9530\" data-element_type=\"widget\" data-widget_type=\"spacer.default\">\n\t\t\t\t<div class=\"elementor-widget-container\">\n\t\t\t\t\t\t\t<div class=\"elementor-spacer\">\n\t\t\t<div class=\"elementor-spacer-inner\"><\/div>\n\t\t<\/div>\n\t\t\t\t\t\t<\/div>\n\t\t\t\t<\/div>\n\t\t\t\t\t<\/div>\n\t\t<\/div>\n\t\t\t\t<div class=\"elementor-column elementor-col-33 elementor-top-column elementor-element elementor-element-33beb8a sc_layouts_column_icons_position_left\" data-id=\"33beb8a\" data-element_type=\"column\">\n\t\t\t<div class=\"elementor-widget-wrap elementor-element-populated\">\n\t\t\t\t\t\t<div class=\"elementor-element elementor-element-11f4ad3 elementor-widget elementor-widget-spacer\" data-id=\"11f4ad3\" data-element_type=\"widget\" data-widget_type=\"spacer.default\">\n\t\t\t\t<div class=\"elementor-widget-container\">\n\t\t\t\t\t\t\t<div class=\"elementor-spacer\">\n\t\t\t<div class=\"elementor-spacer-inner\"><\/div>\n\t\t<\/div>\n\t\t\t\t\t\t<\/div>\n\t\t\t\t<\/div>\n\t\t\t\t\t<\/div>\n\t\t<\/div>\n\t\t\t\t\t<\/div>\n\t\t<\/section>\n\t\t\t\t<section class=\"elementor-section elementor-top-section elementor-element elementor-element-6ef49dc elementor-section-boxed elementor-section-height-default elementor-section-height-default\" data-id=\"6ef49dc\" data-element_type=\"section\">\n\t\t\t\t\t\t<div class=\"elementor-container elementor-column-gap-extended\">\n\t\t\t\t\t<div class=\"elementor-column elementor-col-100 elementor-top-column elementor-element elementor-element-f645a11 sc_layouts_column_icons_position_left\" data-id=\"f645a11\" data-element_type=\"column\">\n\t\t\t<div class=\"elementor-widget-wrap elementor-element-populated\">\n\t\t\t\t\t\t<div class=\"elementor-element elementor-element-8141f58 elementor-widget elementor-widget-heading\" data-id=\"8141f58\" data-element_type=\"widget\" data-widget_type=\"heading.default\">\n\t\t\t\t<div class=\"elementor-widget-container\">\n\t\t\t\t\t<h2 class=\"elementor-heading-title elementor-size-default\">Messe des familles<\/h2>\t\t\t\t<\/div>\n\t\t\t\t<\/div>\n\t\t\t\t<div class=\"elementor-element elementor-element-935547c sc_layouts_hide_on_wide sc_layouts_hide_on_desktop sc_layouts_hide_on_notebook sc_layouts_hide_on_tablet elementor-widget elementor-widget-spacer\" data-id=\"935547c\" data-element_type=\"widget\" data-widget_type=\"spacer.default\">\n\t\t\t\t<div class=\"elementor-widget-container\">\n\t\t\t\t\t\t\t<div class=\"elementor-spacer\">\n\t\t\t<div class=\"elementor-spacer-inner\"><\/div>\n\t\t<\/div>\n\t\t\t\t\t\t<\/div>\n\t\t\t\t<\/div>\n\t\t\t\t\t<\/div>\n\t\t<\/div>\n\t\t\t\t\t<\/div>\n\t\t<\/section>\n\t\t\t\t<section class=\"elementor-section elementor-top-section elementor-element elementor-element-dc344bc elementor-section-boxed elementor-section-height-default elementor-section-height-default\" data-id=\"dc344bc\" data-element_type=\"section\">\n\t\t\t\t\t\t<div class=\"elementor-container elementor-column-gap-extended\">\n\t\t\t\t\t<div class=\"elementor-column elementor-col-33 elementor-top-column elementor-element elementor-element-17a6d8d sc_layouts_column_icons_position_left\" data-id=\"17a6d8d\" data-element_type=\"column\">\n\t\t\t<div class=\"elementor-widget-wrap elementor-element-populated\">\n\t\t\t\t\t\t<div class=\"elementor-element elementor-element-6aa700e elementor-widget elementor-widget-text-editor\" data-id=\"6aa700e\" data-element_type=\"widget\" data-widget_type=\"text-editor.default\">\n\t\t\t\t<div class=\"elementor-widget-container\">\n\t\t\t\t\t\t\t\t\t<p>Elles ont lieu, en g\u00e9n\u00e9ral, \u00a0<strong>une fois par mois<\/strong> ; \u00e0 Viry le samedi soir \u00e0 l\u2019\u00e9glise ND des Cit\u00e9 ou le dimanche matin \u00e0 l\u2019\u00e9glise du St Esprit. A Savigny, le samedi soir\u00a0 \u00e0 l\u2019\u00e9glise ND d\u2019Esp\u00e9rance ou le dimanche matin \u00e0 l\u2019\u00e9glise Ste Th\u00e9r\u00e8se.<\/p>\t\t\t\t\t\t\t\t<\/div>\n\t\t\t\t<\/div>\n\t\t\t\t\t<\/div>\n\t\t<\/div>\n\t\t\t\t<div class=\"elementor-column elementor-col-66 elementor-top-column elementor-element elementor-element-33a3c15 sc_layouts_column_icons_position_left\" data-id=\"33a3c15\" data-element_type=\"column\">\n\t\t\t<div class=\"elementor-widget-wrap elementor-element-populated\">\n\t\t\t\t\t\t<div class=\"elementor-element elementor-element-c30806a elementor-widget elementor-widget-bdt-event-list\" data-id=\"c30806a\" data-element_type=\"widget\" data-widget_type=\"bdt-event-list.default\">\n\t\t\t\t<div class=\"elementor-widget-container\">\n\t\t\t\t\t\t\t<div id=\"bdt-event-c30806a\" class=\"bdt-event-list bdt-event-calendar\">\n\t\t\t<div class=\"bdt-list bdt-list-large\">\n\n\t\t\t\t\t<div>\n\t\t\t<div class=\"bdt-event-list-item\">\n\t\t\t\t<div class=\"bdt-event-item-inner bdt-grid bdt-flex bdt-flex-middle\">\n\n\t\t\t\t\t<div class=\"bdt-width-auto\">\n\t\t\t\t\t\t\n\t\t<div class=\"bdt-event-image bdt-background-cover\">\n\t\t\t<a href=\"https:\/\/demos.uptitude.fr\/savviry1\/event\/retraite-confirmation-des-lyceens\/\" title=\"Retraite Confirmation des lyc\u00e9ens\">\n\t\t\t\t<img decoding=\"async\" src=\"https:\/\/demos.uptitude.fr\/savviry1\/wp-content\/uploads\/2025\/09\/savigny-viry-confirmation-lyceens-150x150.png\" alt=\"Retraite Confirmation des lyc\u00e9ens\">\n\t\t\t<\/a>\n\t\t<\/div>\n\t\t\t\t\t\t<\/div>\n\n\t\t\t\t\t<div class=\"bdt-width-expand\">\n\t\t\t\t\t\t<div class=\"bdt-event-content\">\n\t\t\t\t\t\t\t<div class=\"bdt-event-intro\">\n\n\t\t\t\t\t\t\t\t\t\t<div class=\"bdt-event-date\">\n\t\t\t<a href=\"javascript:void(0);\" title=\"Start Date:29 septembre  - End Date:29 septembre\">\n\t\t\t\t<span class=\"bdt-event-day\">\n\t\t\t\t\t29 septembre\t\t\t\t<\/span>\n\t\t\t<\/a>\n\t\t<\/div>\n\t\n\t\t\t\t\t\t\t\t\n\t\t<h3 class=\"bdt-event-title-wrap\">\n\t\t\t<a href=\"https:\/\/demos.uptitude.fr\/savviry1\/event\/retraite-confirmation-des-lyceens\/\" class=\"bdt-event-title\">\n\t\t\t\tRetraite Confirmation des lyc\u00e9ens\t\t\t<\/a>\n\t\t<\/h3>\n\t\n\t\t\t\t\t\t\t<\/div>\n\n\t\t\t\t\t\t\t\t\t<div class=\"bdt-event-excerpt\">\n\t\t\tBilan de la pr\u00e9paration, r\u00e9daction de la demande personnelle, pr\u00e9paration de la c\u00e9l\u00e9bration\n\t\t<\/div>\n\t\n\t\t\t\t\t\t\t\n\t\t\n\t\t\t\t\t\t\t<\/div>\n\t\t\t\t\t<\/div>\n\n\n\t\t\t\t<\/div>\n\t\t\t<\/div>\n\t\t<\/div>\n\t\t<div>\n\t\t\t<div class=\"bdt-event-list-item\">\n\t\t\t\t<div class=\"bdt-event-item-inner bdt-grid bdt-flex bdt-flex-middle\">\n\n\t\t\t\t\t<div class=\"bdt-width-auto\">\n\t\t\t\t\t\t\n\t\t<div class=\"bdt-event-image bdt-background-cover\">\n\t\t\t<a href=\"https:\/\/demos.uptitude.fr\/savviry1\/event\/rencontre-confirmation-des-lyceens-8\/\" title=\"Rencontre Confirmation des lyc\u00e9ens\">\n\t\t\t\t<img decoding=\"async\" src=\"https:\/\/demos.uptitude.fr\/savviry1\/wp-content\/uploads\/2025\/09\/savigny-viry-confirmation-lyceens-150x150.png\" alt=\"Rencontre Confirmation des lyc\u00e9ens\">\n\t\t\t<\/a>\n\t\t<\/div>\n\t\t\t\t\t\t<\/div>\n\n\t\t\t\t\t<div class=\"bdt-width-expand\">\n\t\t\t\t\t\t<div class=\"bdt-event-content\">\n\t\t\t\t\t\t\t<div class=\"bdt-event-intro\">\n\n\t\t\t\t\t\t\t\t\t\t<div class=\"bdt-event-date\">\n\t\t\t<a href=\"javascript:void(0);\" title=\"Start Date:13 juin @ 15h00  - End Date:13 juin @ 19h00\">\n\t\t\t\t<span class=\"bdt-event-day\">\n\t\t\t\t\t13 juin\t\t\t\t<\/span>\n\t\t\t<\/a>\n\t\t<\/div>\n\t\n\t\t\t\t\t\t\t\t\n\t\t<h3 class=\"bdt-event-title-wrap\">\n\t\t\t<a href=\"https:\/\/demos.uptitude.fr\/savviry1\/event\/rencontre-confirmation-des-lyceens-8\/\" class=\"bdt-event-title\">\n\t\t\t\tRencontre Confirmation des lyc\u00e9ens\t\t\t<\/a>\n\t\t<\/h3>\n\t\n\t\t\t\t\t\t\t<\/div>\n\n\t\t\t\t\t\t\t\t\t<div class=\"bdt-event-excerpt\">\n\t\t\t\n\t\t<\/div>\n\t\n\t\t\t\t\t\t\t\n\t\t\t\t\t<div class=\"bdt-event-meta bdt-grid\">\n\n\t\t\t\t\n\t\t\t\t\t\t\t\t\t<div class=\"bdt-width-expand bdt-text-right\">\n\t\t\t\t\t\t<div class=\"bdt-address-website-icon\">\n\n\t\t\t\t\t\t\t\n\t\t\t\t\t\t\t\t\t\t\t\t\t\t\t<a href=\"javascript:void(0);\" bdt-tooltip=\"&lt;span class=&quot;tribe-address&quot;&gt;\n\n&lt;span class=&quot;tribe-street-address&quot;&gt;2 Rue Auguste Renoir&lt;\/span&gt;\n\t\n\t\t&lt;br&gt;\n\t\t&lt;span class=&quot;tribe-locality&quot;&gt;Savigny-sur-Orge&lt;\/span&gt;&lt;span class=&quot;tribe-delimiter&quot;&gt;,&lt;\/span&gt;\n\n\n\t&lt;span class=&quot;tribe-postal-code&quot;&gt;91600&lt;\/span&gt;\n\n\t&lt;span class=&quot;tribe-country-name&quot;&gt;France&lt;\/span&gt;\n\n&lt;\/span&gt;\n\" class=\"ep-icon-location\" aria-hidden=\"true\"><\/a>\n\t\t\t\t\t\t\t\n\t\t\t\t\t\t<\/div>\n\n\t\t\t\t\t<\/div>\n\t\t\t\t\n\t\t\t<\/div>\n\t\t\n\t\t\t\t\t\t\t<\/div>\n\t\t\t\t\t<\/div>\n\n\n\t\t\t\t<\/div>\n\t\t\t<\/div>\n\t\t<\/div>\n\t\t<div>\n\t\t\t<div class=\"bdt-event-list-item\">\n\t\t\t\t<div class=\"bdt-event-item-inner bdt-grid bdt-flex bdt-flex-middle\">\n\n\t\t\t\t\t<div class=\"bdt-width-auto\">\n\t\t\t\t\t\t\n\t\t<div class=\"bdt-event-image bdt-background-cover\">\n\t\t\t<a href=\"https:\/\/demos.uptitude.fr\/savviry1\/event\/rencontre-confirmation-des-lyceens-7\/\" title=\"Rencontre Confirmation des lyc\u00e9ens\">\n\t\t\t\t<img decoding=\"async\" src=\"https:\/\/demos.uptitude.fr\/savviry1\/wp-content\/uploads\/2025\/09\/savigny-viry-confirmation-lyceens-150x150.png\" alt=\"Rencontre Confirmation des lyc\u00e9ens\">\n\t\t\t<\/a>\n\t\t<\/div>\n\t\t\t\t\t\t<\/div>\n\n\t\t\t\t\t<div class=\"bdt-width-expand\">\n\t\t\t\t\t\t<div class=\"bdt-event-content\">\n\t\t\t\t\t\t\t<div class=\"bdt-event-intro\">\n\n\t\t\t\t\t\t\t\t\t\t<div class=\"bdt-event-date\">\n\t\t\t<a href=\"javascript:void(0);\" title=\"Start Date:10 mai @ 10h00  - End Date:10 mai @ 16h30\">\n\t\t\t\t<span class=\"bdt-event-day\">\n\t\t\t\t\t10 mai\t\t\t\t<\/span>\n\t\t\t<\/a>\n\t\t<\/div>\n\t\n\t\t\t\t\t\t\t\t\n\t\t<h3 class=\"bdt-event-title-wrap\">\n\t\t\t<a href=\"https:\/\/demos.uptitude.fr\/savviry1\/event\/rencontre-confirmation-des-lyceens-7\/\" class=\"bdt-event-title\">\n\t\t\t\tRencontre Confirmation des lyc\u00e9ens\t\t\t<\/a>\n\t\t<\/h3>\n\t\n\t\t\t\t\t\t\t<\/div>\n\n\t\t\t\t\t\t\t\t\t<div class=\"bdt-event-excerpt\">\n\t\t\t\n\t\t<\/div>\n\t\n\t\t\t\t\t\t\t\n\t\t\t\t\t<div class=\"bdt-event-meta bdt-grid\">\n\n\t\t\t\t\n\t\t\t\t\t\t\t\t\t<div class=\"bdt-width-expand bdt-text-right\">\n\t\t\t\t\t\t<div class=\"bdt-address-website-icon\">\n\n\t\t\t\t\t\t\t\n\t\t\t\t\t\t\t\t\t\t\t\t\t\t\t<a href=\"javascript:void(0);\" bdt-tooltip=\"&lt;span class=&quot;tribe-address&quot;&gt;\n\n&lt;span class=&quot;tribe-street-address&quot;&gt;23 avenue des \u00e9coles&lt;\/span&gt;\n\t\n\t\t&lt;br&gt;\n\t\t&lt;span class=&quot;tribe-locality&quot;&gt;Savigny-sur-Ogre&lt;\/span&gt;&lt;span class=&quot;tribe-delimiter&quot;&gt;,&lt;\/span&gt;\n\n\n\t&lt;span class=&quot;tribe-postal-code&quot;&gt;91600&lt;\/span&gt;\n\n\t&lt;span class=&quot;tribe-country-name&quot;&gt;France&lt;\/span&gt;\n\n&lt;\/span&gt;\n\" class=\"ep-icon-location\" aria-hidden=\"true\"><\/a>\n\t\t\t\t\t\t\t\n\t\t\t\t\t\t<\/div>\n\n\t\t\t\t\t<\/div>\n\t\t\t\t\n\t\t\t<\/div>\n\t\t\n\t\t\t\t\t\t\t<\/div>\n\t\t\t\t\t<\/div>\n\n\n\t\t\t\t<\/div>\n\t\t\t<\/div>\n\t\t<\/div>\n\n\t\t\t<\/div>\n\t\t<\/div>\n\t\t\t\t\t<\/div>\n\t\t\t\t<\/div>\n\t\t\t\t\t<\/div>\n\t\t<\/div>\n\t\t\t\t\t<\/div>\n\t\t<\/section>\n\t\t\t\t<section class=\"elementor-section elementor-top-section elementor-element elementor-element-9908b62 elementor-section-boxed elementor-section-height-default elementor-section-height-default\" data-id=\"9908b62\" data-element_type=\"section\">\n\t\t\t\t\t\t<div class=\"elementor-container elementor-column-gap-extended\">\n\t\t\t\t\t<div class=\"elementor-column elementor-col-100 elementor-top-column elementor-element elementor-element-2606e59 sc_layouts_column_icons_position_left\" data-id=\"2606e59\" data-element_type=\"column\">\n\t\t\t<div class=\"elementor-widget-wrap elementor-element-populated\">\n\t\t\t\t\t\t<div class=\"elementor-element elementor-element-7fa9841 sc_layouts_hide_on_wide sc_layouts_hide_on_desktop sc_layouts_hide_on_notebook sc_layouts_hide_on_tablet elementor-widget elementor-widget-spacer\" data-id=\"7fa9841\" data-element_type=\"widget\" data-widget_type=\"spacer.default\">\n\t\t\t\t<div class=\"elementor-widget-container\">\n\t\t\t\t\t\t\t<div class=\"elementor-spacer\">\n\t\t\t<div class=\"elementor-spacer-inner\"><\/div>\n\t\t<\/div>\n\t\t\t\t\t\t<\/div>\n\t\t\t\t<\/div>\n\t\t\t\t\t<\/div>\n\t\t<\/div>\n\t\t\t\t\t<\/div>\n\t\t<\/section>\n\t\t\t\t<section class=\"elementor-section elementor-top-section elementor-element elementor-element-26d370f elementor-section-stretched hide_bg_image_on_tablet hide_bg_image_on_mobile elementor-section-boxed elementor-section-height-default elementor-section-height-default\" data-id=\"26d370f\" data-element_type=\"section\" data-settings=\"{&quot;stretch_section&quot;:&quot;section-stretched&quot;,&quot;background_background&quot;:&quot;classic&quot;}\">\n\t\t\t\t\t\t<div class=\"elementor-container elementor-column-gap-no\">\n\t\t\t\t\t<div class=\"elementor-column elementor-col-100 elementor-top-column elementor-element elementor-element-7d44103 sc_layouts_column_icons_position_left\" data-id=\"7d44103\" data-element_type=\"column\">\n\t\t\t<div class=\"elementor-widget-wrap\">\n\t\t\t\t\t\t\t<\/div>\n\t\t<\/div>\n\t\t\t\t\t<\/div>\n\t\t<\/section>\n\t\t\t\t<section class=\"elementor-section elementor-top-section elementor-element elementor-element-e81931d elementor-section-boxed elementor-section-height-default elementor-section-height-default\" data-id=\"e81931d\" data-element_type=\"section\">\n\t\t\t\t\t\t<div class=\"elementor-container elementor-column-gap-extended\">\n\t\t\t\t\t<div class=\"elementor-column elementor-col-100 elementor-top-column elementor-element elementor-element-814bd4f sc_layouts_column_icons_position_left\" data-id=\"814bd4f\" data-element_type=\"column\">\n\t\t\t<div class=\"elementor-widget-wrap\">\n\t\t\t\t\t\t\t<\/div>\n\t\t<\/div>\n\t\t\t\t\t<\/div>\n\t\t<\/section>\n\t\t\t\t<section class=\"elementor-section elementor-top-section elementor-element elementor-element-7cdd301 elementor-section-boxed elementor-section-height-default elementor-section-height-default\" data-id=\"7cdd301\" data-element_type=\"section\">\n\t\t\t\t\t\t<div class=\"elementor-container elementor-column-gap-extended\">\n\t\t\t\t\t<div class=\"elementor-column elementor-col-100 elementor-top-column elementor-element elementor-element-9c678cc sc_layouts_column_icons_position_left\" data-id=\"9c678cc\" data-element_type=\"column\">\n\t\t\t<div class=\"elementor-widget-wrap elementor-element-populated\">\n\t\t\t\t\t\t<div class=\"elementor-element elementor-element-43a3cb0 elementor-widget elementor-widget-heading\" data-id=\"43a3cb0\" data-element_type=\"widget\" data-widget_type=\"heading.default\">\n\t\t\t\t<div class=\"elementor-widget-container\">\n\t\t\t\t\t<h2 class=\"elementor-heading-title elementor-size-default\">Le bapt\u00eame en \u00e2ge scolaire<\/h2>\t\t\t\t<\/div>\n\t\t\t\t<\/div>\n\t\t\t\t<div class=\"elementor-element elementor-element-9bf1470 sc_layouts_hide_on_wide sc_layouts_hide_on_desktop sc_layouts_hide_on_notebook sc_layouts_hide_on_tablet elementor-widget elementor-widget-spacer\" data-id=\"9bf1470\" data-element_type=\"widget\" data-widget_type=\"spacer.default\">\n\t\t\t\t<div class=\"elementor-widget-container\">\n\t\t\t\t\t\t\t<div class=\"elementor-spacer\">\n\t\t\t<div class=\"elementor-spacer-inner\"><\/div>\n\t\t<\/div>\n\t\t\t\t\t\t<\/div>\n\t\t\t\t<\/div>\n\t\t\t\t\t<\/div>\n\t\t<\/div>\n\t\t\t\t\t<\/div>\n\t\t<\/section>\n\t\t\t\t<section class=\"elementor-section elementor-top-section elementor-element elementor-element-3fd07d8 elementor-section-boxed elementor-section-height-default elementor-section-height-default\" data-id=\"3fd07d8\" data-element_type=\"section\">\n\t\t\t\t\t\t<div class=\"elementor-container elementor-column-gap-extended\">\n\t\t\t\t\t<div class=\"elementor-column elementor-col-33 elementor-top-column elementor-element elementor-element-9be2757 sc_layouts_column_icons_position_left\" data-id=\"9be2757\" data-element_type=\"column\">\n\t\t\t<div class=\"elementor-widget-wrap elementor-element-populated\">\n\t\t\t\t\t\t<div class=\"elementor-element elementor-element-5ae959b elementor-widget elementor-widget-image\" data-id=\"5ae959b\" data-element_type=\"widget\" data-widget_type=\"image.default\">\n\t\t\t\t<div class=\"elementor-widget-container\">\n\t\t\t\t\t\t\t\t\t\t\t\t\t\t\t<img decoding=\"async\" src=\"https:\/\/www.savigny-viry-catholique.fr\/wp-content\/uploads\/2017\/03\/Bapteme-enafntscol-199x300.png\" title=\"\" alt=\"\" loading=\"lazy\" \/>\t\t\t\t\t\t\t\t\t\t\t\t\t\t\t<\/div>\n\t\t\t\t<\/div>\n\t\t\t\t\t<\/div>\n\t\t<\/div>\n\t\t\t\t<div class=\"elementor-column elementor-col-66 elementor-top-column elementor-element elementor-element-29f197f sc_layouts_column_icons_position_left\" data-id=\"29f197f\" data-element_type=\"column\">\n\t\t\t<div class=\"elementor-widget-wrap elementor-element-populated\">\n\t\t\t\t\t\t<div class=\"elementor-element elementor-element-c6be47b elementor-widget elementor-widget-text-editor\" data-id=\"c6be47b\" data-element_type=\"widget\" data-widget_type=\"text-editor.default\">\n\t\t\t\t<div class=\"elementor-widget-container\">\n\t\t\t\t\t\t\t\t\t<p>Un cheminement est propos\u00e9 \u00e0 ceux qui le d\u00e9sirent.<\/p><p>D\u00e8s l\u2019age de la cat\u00e9ch\u00e8se, la demande de recevoir le bapt\u00eame est formul\u00e9e par l\u2019enfant ou l\u2019adolescent lui-m\u00eame. La pr\u00e9paration se d\u00e9roule en g\u00e9n\u00e9ral de P\u00e2ques \u00e0 P\u00e2ques pour les enfants, et les jeunes inscrit au cat\u00e9chisme ou \u00e0 l\u2019aum\u00f4nerie.<\/p><p>Cette pr\u00e9paration se fait en petit groupe et en plusieurs \u00e9tapes.<\/p><p>Pour que l\u2019enfant puisse faire cette pr\u00e9paration, les deux parents doivent \u00eatre d\u2019accord pour cette d\u00e9marche<\/p><p>Contacter la Cat\u00e9ch\u00e8se ou l\u2019aum\u00f4nerie<\/p>\t\t\t\t\t\t\t\t<\/div>\n\t\t\t\t<\/div>\n\t\t\t\t\t<\/div>\n\t\t<\/div>\n\t\t\t\t\t<\/div>\n\t\t<\/section>\n\t\t\t\t<section class=\"elementor-section elementor-top-section elementor-element elementor-element-6c6c931 elementor-section-boxed elementor-section-height-default elementor-section-height-default\" data-id=\"6c6c931\" data-element_type=\"section\">\n\t\t\t\t\t\t<div class=\"elementor-container elementor-column-gap-extended\">\n\t\t\t\t\t<div class=\"elementor-column elementor-col-100 elementor-top-column elementor-element elementor-element-fdb20c5 sc_layouts_column_icons_position_left\" data-id=\"fdb20c5\" data-element_type=\"column\">\n\t\t\t<div class=\"elementor-widget-wrap elementor-element-populated\">\n\t\t\t\t\t\t<div class=\"elementor-element elementor-element-283a480 sc_layouts_hide_on_wide sc_layouts_hide_on_desktop sc_layouts_hide_on_notebook sc_layouts_hide_on_tablet elementor-widget elementor-widget-spacer\" data-id=\"283a480\" data-element_type=\"widget\" data-widget_type=\"spacer.default\">\n\t\t\t\t<div class=\"elementor-widget-container\">\n\t\t\t\t\t\t\t<div class=\"elementor-spacer\">\n\t\t\t<div class=\"elementor-spacer-inner\"><\/div>\n\t\t<\/div>\n\t\t\t\t\t\t<\/div>\n\t\t\t\t<\/div>\n\t\t\t\t<div class=\"elementor-element elementor-element-d5108b0 elementor-widget elementor-widget-heading\" data-id=\"d5108b0\" data-element_type=\"widget\" data-widget_type=\"heading.default\">\n\t\t\t\t<div class=\"elementor-widget-container\">\n\t\t\t\t\t<h2 class=\"elementor-heading-title elementor-size-default\"> Sacrement de R\u00e9conciliation  <\/h2>\t\t\t\t<\/div>\n\t\t\t\t<\/div>\n\t\t\t\t<div class=\"elementor-element elementor-element-7e787c8 sc_layouts_hide_on_wide sc_layouts_hide_on_desktop sc_layouts_hide_on_notebook sc_layouts_hide_on_tablet elementor-widget elementor-widget-spacer\" data-id=\"7e787c8\" data-element_type=\"widget\" data-widget_type=\"spacer.default\">\n\t\t\t\t<div class=\"elementor-widget-container\">\n\t\t\t\t\t\t\t<div class=\"elementor-spacer\">\n\t\t\t<div class=\"elementor-spacer-inner\"><\/div>\n\t\t<\/div>\n\t\t\t\t\t\t<\/div>\n\t\t\t\t<\/div>\n\t\t\t\t\t<\/div>\n\t\t<\/div>\n\t\t\t\t\t<\/div>\n\t\t<\/section>\n\t\t\t\t<section class=\"elementor-section elementor-top-section elementor-element elementor-element-47572cf elementor-section-boxed elementor-section-height-default elementor-section-height-default\" data-id=\"47572cf\" data-element_type=\"section\">\n\t\t\t\t\t\t<div class=\"elementor-container elementor-column-gap-extended\">\n\t\t\t\t\t<div class=\"elementor-column elementor-col-66 elementor-top-column elementor-element elementor-element-f5355ac sc_layouts_column_icons_position_left\" data-id=\"f5355ac\" data-element_type=\"column\">\n\t\t\t<div class=\"elementor-widget-wrap elementor-element-populated\">\n\t\t\t\t\t\t<div class=\"elementor-element elementor-element-a81656a elementor-widget elementor-widget-text-editor\" data-id=\"a81656a\" data-element_type=\"widget\" data-widget_type=\"text-editor.default\">\n\t\t\t\t<div class=\"elementor-widget-container\">\n\t\t\t\t\t\t\t\t\t<p>Ce sacrement est propos\u00e9 aux enfants g\u00e9n\u00e9ralement en CM1 mais aussi d\u2019autres ann\u00e9es<\/p><p>Les enfants font une journ\u00e9e de retraite pour r\u00e9fl\u00e9chir sur le Pardon. Ils sont pr\u00e9par\u00e9s par les cat\u00e9chistes pour vivre ce sacrement.<\/p><p>Dans le sacrement de r\u00e9conciliation nous reconnaissons que nous nous \u00e9loignons de Dieu. En venant rencontrer un pr\u00eatre, les enfants viennent demander pardon \u00e0 Dieu et re\u00e7oivent ce sacrement qui donne la force de vivre de nouveau avec lui et avec les autres.<\/p>\t\t\t\t\t\t\t\t<\/div>\n\t\t\t\t<\/div>\n\t\t\t\t\t<\/div>\n\t\t<\/div>\n\t\t\t\t<div class=\"elementor-column elementor-col-33 elementor-top-column elementor-element elementor-element-4cc613d sc_layouts_column_icons_position_left\" data-id=\"4cc613d\" data-element_type=\"column\">\n\t\t\t<div class=\"elementor-widget-wrap elementor-element-populated\">\n\t\t\t\t\t\t<div class=\"elementor-element elementor-element-30c4681 elementor-widget elementor-widget-image\" data-id=\"30c4681\" data-element_type=\"widget\" data-widget_type=\"image.default\">\n\t\t\t\t<div class=\"elementor-widget-container\">\n\t\t\t\t\t\t\t\t\t\t\t\t\t\t\t<img decoding=\"async\" src=\"https:\/\/www.savigny-viry-catholique.fr\/wp-content\/uploads\/2017\/03\/croix-pardon-copie-171x300.jpg\" title=\"\" alt=\"\" loading=\"lazy\" \/>\t\t\t\t\t\t\t\t\t\t\t\t\t\t\t<\/div>\n\t\t\t\t<\/div>\n\t\t\t\t\t<\/div>\n\t\t<\/div>\n\t\t\t\t\t<\/div>\n\t\t<\/section>\n\t\t\t\t<section class=\"elementor-section elementor-top-section elementor-element elementor-element-7c1ecde elementor-section-boxed elementor-section-height-default elementor-section-height-default\" data-id=\"7c1ecde\" data-element_type=\"section\">\n\t\t\t\t\t\t<div class=\"elementor-container elementor-column-gap-extended\">\n\t\t\t\t\t<div class=\"elementor-column elementor-col-100 elementor-top-column elementor-element elementor-element-877d282 sc_layouts_column_icons_position_left\" data-id=\"877d282\" data-element_type=\"column\">\n\t\t\t<div class=\"elementor-widget-wrap elementor-element-populated\">\n\t\t\t\t\t\t<div class=\"elementor-element elementor-element-7e26d98 sc_layouts_hide_on_wide sc_layouts_hide_on_desktop sc_layouts_hide_on_notebook sc_layouts_hide_on_tablet elementor-widget elementor-widget-spacer\" data-id=\"7e26d98\" data-element_type=\"widget\" data-widget_type=\"spacer.default\">\n\t\t\t\t<div class=\"elementor-widget-container\">\n\t\t\t\t\t\t\t<div class=\"elementor-spacer\">\n\t\t\t<div class=\"elementor-spacer-inner\"><\/div>\n\t\t<\/div>\n\t\t\t\t\t\t<\/div>\n\t\t\t\t<\/div>\n\t\t\t\t<div class=\"elementor-element elementor-element-0d3c5e9 elementor-widget elementor-widget-heading\" data-id=\"0d3c5e9\" data-element_type=\"widget\" data-widget_type=\"heading.default\">\n\t\t\t\t<div class=\"elementor-widget-container\">\n\t\t\t\t\t<h2 class=\"elementor-heading-title elementor-size-default\">Eucharistie \/ Communion<\/h2>\t\t\t\t<\/div>\n\t\t\t\t<\/div>\n\t\t\t\t<div class=\"elementor-element elementor-element-eaf579c sc_layouts_hide_on_wide sc_layouts_hide_on_desktop sc_layouts_hide_on_notebook sc_layouts_hide_on_tablet elementor-widget elementor-widget-spacer\" data-id=\"eaf579c\" data-element_type=\"widget\" data-widget_type=\"spacer.default\">\n\t\t\t\t<div class=\"elementor-widget-container\">\n\t\t\t\t\t\t\t<div class=\"elementor-spacer\">\n\t\t\t<div class=\"elementor-spacer-inner\"><\/div>\n\t\t<\/div>\n\t\t\t\t\t\t<\/div>\n\t\t\t\t<\/div>\n\t\t\t\t\t<\/div>\n\t\t<\/div>\n\t\t\t\t\t<\/div>\n\t\t<\/section>\n\t\t\t\t<section class=\"elementor-section elementor-top-section elementor-element elementor-element-ec4eb06 elementor-section-boxed elementor-section-height-default elementor-section-height-default\" data-id=\"ec4eb06\" data-element_type=\"section\">\n\t\t\t\t\t\t<div class=\"elementor-container elementor-column-gap-extended\">\n\t\t\t\t\t<div class=\"elementor-column elementor-col-33 elementor-top-column elementor-element elementor-element-3ddf30d sc_layouts_column_icons_position_left\" data-id=\"3ddf30d\" data-element_type=\"column\">\n\t\t\t<div class=\"elementor-widget-wrap elementor-element-populated\">\n\t\t\t\t\t\t<div class=\"elementor-element elementor-element-9ede0a7 elementor-widget elementor-widget-image\" data-id=\"9ede0a7\" data-element_type=\"widget\" data-widget_type=\"image.default\">\n\t\t\t\t<div class=\"elementor-widget-container\">\n\t\t\t\t\t\t\t\t\t\t\t\t\t\t\t<img decoding=\"async\" src=\"https:\/\/www.savigny-viry-catholique.fr\/wp-content\/uploads\/2017\/03\/imagesEucharistie-enfant.png\" title=\"\" alt=\"\" loading=\"lazy\" \/>\t\t\t\t\t\t\t\t\t\t\t\t\t\t\t<\/div>\n\t\t\t\t<\/div>\n\t\t\t\t\t<\/div>\n\t\t<\/div>\n\t\t\t\t<div class=\"elementor-column elementor-col-66 elementor-top-column elementor-element elementor-element-487a8e1 sc_layouts_column_icons_position_left\" data-id=\"487a8e1\" data-element_type=\"column\">\n\t\t\t<div class=\"elementor-widget-wrap elementor-element-populated\">\n\t\t\t\t\t\t<div class=\"elementor-element elementor-element-7abd784 elementor-widget elementor-widget-text-editor\" data-id=\"7abd784\" data-element_type=\"widget\" data-widget_type=\"text-editor.default\">\n\t\t\t\t<div class=\"elementor-widget-container\">\n\t\t\t\t\t\t\t\t\t<p>Ce sacrement est propos\u00e9 aux enfants de CM2.\u00a0<\/p><p>Les enfants suivent une journ\u00e9e de retraite pour s\u2019y pr\u00e9parer.\u00a0<br \/>Pendant l\u2019ann\u00e9e, ils \u00e9tudient au cours de leur s\u00e9ance de cat\u00e9chisme le d\u00e9roulement de la messe, ils sont sensibilis\u00e9s dans leur groupe et \u00e0 la messe en particulier les messes des familles.<\/p>\t\t\t\t\t\t\t\t<\/div>\n\t\t\t\t<\/div>\n\t\t\t\t\t<\/div>\n\t\t<\/div>\n\t\t\t\t\t<\/div>\n\t\t<\/section>\n\t\t\t\t<section class=\"elementor-section elementor-top-section elementor-element elementor-element-8b703b5 elementor-section-boxed elementor-section-height-default elementor-section-height-default\" data-id=\"8b703b5\" data-element_type=\"section\">\n\t\t\t\t\t\t<div class=\"elementor-container elementor-column-gap-extended\">\n\t\t\t\t\t<div class=\"elementor-column elementor-col-100 elementor-top-column elementor-element elementor-element-8e18b03 sc_layouts_column_icons_position_left\" data-id=\"8e18b03\" data-element_type=\"column\">\n\t\t\t<div class=\"elementor-widget-wrap elementor-element-populated\">\n\t\t\t\t\t\t<div class=\"elementor-element elementor-element-b2a9126 sc_layouts_hide_on_wide sc_layouts_hide_on_desktop sc_layouts_hide_on_notebook sc_layouts_hide_on_tablet elementor-widget elementor-widget-spacer\" data-id=\"b2a9126\" data-element_type=\"widget\" data-widget_type=\"spacer.default\">\n\t\t\t\t<div class=\"elementor-widget-container\">\n\t\t\t\t\t\t\t<div class=\"elementor-spacer\">\n\t\t\t<div class=\"elementor-spacer-inner\"><\/div>\n\t\t<\/div>\n\t\t\t\t\t\t<\/div>\n\t\t\t\t<\/div>\n\t\t\t\t<div class=\"elementor-element elementor-element-a396fd7 elementor-widget elementor-widget-heading\" data-id=\"a396fd7\" data-element_type=\"widget\" data-widget_type=\"heading.default\">\n\t\t\t\t<div class=\"elementor-widget-container\">\n\t\t\t\t\t<h2 class=\"elementor-heading-title elementor-size-default\">Le p\u00f4le jeunes : L'aum\u00f4nerie de l'enseignement public<\/h2>\t\t\t\t<\/div>\n\t\t\t\t<\/div>\n\t\t\t\t<div class=\"elementor-element elementor-element-cf2d89d sc_layouts_hide_on_wide sc_layouts_hide_on_desktop sc_layouts_hide_on_notebook sc_layouts_hide_on_tablet elementor-widget elementor-widget-spacer\" data-id=\"cf2d89d\" data-element_type=\"widget\" data-widget_type=\"spacer.default\">\n\t\t\t\t<div class=\"elementor-widget-container\">\n\t\t\t\t\t\t\t<div class=\"elementor-spacer\">\n\t\t\t<div class=\"elementor-spacer-inner\"><\/div>\n\t\t<\/div>\n\t\t\t\t\t\t<\/div>\n\t\t\t\t<\/div>\n\t\t\t\t\t<\/div>\n\t\t<\/div>\n\t\t\t\t\t<\/div>\n\t\t<\/section>\n\t\t\t\t<section class=\"elementor-section elementor-top-section elementor-element elementor-element-8de741d elementor-section-boxed elementor-section-height-default elementor-section-height-default\" data-id=\"8de741d\" data-element_type=\"section\">\n\t\t\t\t\t\t<div class=\"elementor-container elementor-column-gap-extended\">\n\t\t\t\t\t<div class=\"elementor-column elementor-col-66 elementor-top-column elementor-element elementor-element-6c59ee0 sc_layouts_column_icons_position_left\" data-id=\"6c59ee0\" data-element_type=\"column\">\n\t\t\t<div class=\"elementor-widget-wrap elementor-element-populated\">\n\t\t\t\t\t\t<div class=\"elementor-element elementor-element-0fcb988 elementor-widget elementor-widget-text-editor\" data-id=\"0fcb988\" data-element_type=\"widget\" data-widget_type=\"text-editor.default\">\n\t\t\t\t<div class=\"elementor-widget-container\">\n\t\t\t\t\t\t\t\t\t<p>L\u2019Aum\u00f4nerie est un lieu d\u2019accueil pour les jeunes, baptis\u00e9s ou non, inscrits dans les \u00e9tablissements scolaires publics, de la 6eme \u00e0 le terminale. Les deux premi\u00e8res ann\u00e9es sont la poursuite du cat\u00e9chisme et la pr\u00e9paration \u00e0 la profession de foi.<\/p><p>\u00ab\u00a0<em>La t\u00e2che propre de l\u2019Aum\u00f4nerie de l\u2019Enseignement Public est d\u2019assurer une pr\u00e9sence d\u2019Eglise aupr\u00e8s des jeunes scolaris\u00e9s dans les lyc\u00e9es et les coll\u00e8ges de l\u2019enseignement public, au service de leur croissance humaine et spirituelle et de la d\u00e9couverte de l\u2019Evangile de J\u00e9sus-Christ.<\/em>\u00a0\u00bb<\/p><ul><li>Pour Viry contacter les paroisses.<\/li><li>Pour Savigny, prendre contact \u00e0 la maison paroissiale Bonne Nouvelle.<\/li><\/ul><p>Pour plus d\u2019informations\u00a0:<\/p><ul><li>le site dioc\u00e9sain\u00a0 <a href=\"https:\/\/www.sdaep91.fr\/\" target=\"_blank\" rel=\"noopener noreferrer\">https:\/\/www.sdaep91.fr\/<\/a><\/li><li>le site national de l\u2019AEP <a href=\"http:\/\/www.aep.cef.fr\/-L-AEP-.html\" target=\"_blank\" rel=\"noopener noreferrer\">http:\/\/www.aep.cef.fr\/-L-AEP-.html<\/a><\/li><\/ul>\t\t\t\t\t\t\t\t<\/div>\n\t\t\t\t<\/div>\n\t\t\t\t\t<\/div>\n\t\t<\/div>\n\t\t\t\t<div class=\"elementor-column elementor-col-33 elementor-top-column elementor-element elementor-element-759b0d1 sc_layouts_column_icons_position_left\" data-id=\"759b0d1\" data-element_type=\"column\">\n\t\t\t<div class=\"elementor-widget-wrap elementor-element-populated\">\n\t\t\t\t\t\t<div class=\"elementor-element elementor-element-b06f489 elementor-widget elementor-widget-image\" data-id=\"b06f489\" data-element_type=\"widget\" data-widget_type=\"image.default\">\n\t\t\t\t<div class=\"elementor-widget-container\">\n\t\t\t\t\t\t\t\t\t\t\t\t\t\t\t<img decoding=\"async\" src=\"https:\/\/www.savigny-viry-catholique.fr\/wp-content\/uploads\/2017\/03\/logoAEP-01-150x150.png\" title=\"\" alt=\"\" loading=\"lazy\" \/>\t\t\t\t\t\t\t\t\t\t\t\t\t\t\t<\/div>\n\t\t\t\t<\/div>\n\t\t\t\t\t<\/div>\n\t\t<\/div>\n\t\t\t\t\t<\/div>\n\t\t<\/section>\n\t\t\t\t<section class=\"elementor-section elementor-top-section elementor-element elementor-element-4df6d9e elementor-section-boxed elementor-section-height-default elementor-section-height-default\" data-id=\"4df6d9e\" data-element_type=\"section\">\n\t\t\t\t\t\t<div class=\"elementor-container elementor-column-gap-extended\">\n\t\t\t\t\t<div class=\"elementor-column elementor-col-100 elementor-top-column elementor-element elementor-element-e10e4c8 sc_layouts_column_icons_position_left\" data-id=\"e10e4c8\" data-element_type=\"column\">\n\t\t\t<div class=\"elementor-widget-wrap elementor-element-populated\">\n\t\t\t\t\t\t<div class=\"elementor-element elementor-element-3849dff sc_layouts_hide_on_wide sc_layouts_hide_on_desktop sc_layouts_hide_on_notebook sc_layouts_hide_on_tablet elementor-widget elementor-widget-spacer\" data-id=\"3849dff\" data-element_type=\"widget\" data-widget_type=\"spacer.default\">\n\t\t\t\t<div class=\"elementor-widget-container\">\n\t\t\t\t\t\t\t<div class=\"elementor-spacer\">\n\t\t\t<div class=\"elementor-spacer-inner\"><\/div>\n\t\t<\/div>\n\t\t\t\t\t\t<\/div>\n\t\t\t\t<\/div>\n\t\t\t\t<div class=\"elementor-element elementor-element-40d6ab4 elementor-widget elementor-widget-heading\" data-id=\"40d6ab4\" data-element_type=\"widget\" data-widget_type=\"heading.default\">\n\t\t\t\t<div class=\"elementor-widget-container\">\n\t\t\t\t\t<h2 class=\"elementor-heading-title elementor-size-default\">Cat\u00e9ch\u00e8se sp\u00e9cialis\u00e9e<\/h2>\t\t\t\t<\/div>\n\t\t\t\t<\/div>\n\t\t\t\t<div class=\"elementor-element elementor-element-5c2e2df sc_layouts_hide_on_wide sc_layouts_hide_on_desktop sc_layouts_hide_on_notebook sc_layouts_hide_on_tablet elementor-widget elementor-widget-spacer\" data-id=\"5c2e2df\" data-element_type=\"widget\" data-widget_type=\"spacer.default\">\n\t\t\t\t<div class=\"elementor-widget-container\">\n\t\t\t\t\t\t\t<div class=\"elementor-spacer\">\n\t\t\t<div class=\"elementor-spacer-inner\"><\/div>\n\t\t<\/div>\n\t\t\t\t\t\t<\/div>\n\t\t\t\t<\/div>\n\t\t\t\t\t<\/div>\n\t\t<\/div>\n\t\t\t\t\t<\/div>\n\t\t<\/section>\n\t\t\t\t<section class=\"elementor-section elementor-top-section elementor-element elementor-element-d9dd0ce elementor-section-boxed elementor-section-height-default elementor-section-height-default\" data-id=\"d9dd0ce\" data-element_type=\"section\">\n\t\t\t\t\t\t<div class=\"elementor-container elementor-column-gap-extended\">\n\t\t\t\t\t<div class=\"elementor-column elementor-col-66 elementor-top-column elementor-element elementor-element-8ab4616 sc_layouts_column_icons_position_left\" data-id=\"8ab4616\" data-element_type=\"column\">\n\t\t\t<div class=\"elementor-widget-wrap elementor-element-populated\">\n\t\t\t\t\t\t<div class=\"elementor-element elementor-element-8a3474e elementor-widget elementor-widget-image\" data-id=\"8a3474e\" data-element_type=\"widget\" data-widget_type=\"image.default\">\n\t\t\t\t<div class=\"elementor-widget-container\">\n\t\t\t\t\t\t\t\t\t\t\t\t\t\t\t<img decoding=\"async\" src=\"https:\/\/www.savigny-viry-catholique.fr\/wp-content\/uploads\/2023\/07\/cate-specialise-768x328.png\" title=\"\" alt=\"\" loading=\"lazy\" \/>\t\t\t\t\t\t\t\t\t\t\t\t\t\t\t<\/div>\n\t\t\t\t<\/div>\n\t\t\t\t\t<\/div>\n\t\t<\/div>\n\t\t\t\t<div class=\"elementor-column elementor-col-33 elementor-top-column elementor-element elementor-element-78aae2e sc_layouts_column_icons_position_left\" data-id=\"78aae2e\" data-element_type=\"column\">\n\t\t\t<div class=\"elementor-widget-wrap elementor-element-populated\">\n\t\t\t\t\t\t<div class=\"elementor-element elementor-element-77c55e5 elementor-widget elementor-widget-text-editor\" data-id=\"77c55e5\" data-element_type=\"widget\" data-widget_type=\"text-editor.default\">\n\t\t\t\t<div class=\"elementor-widget-container\">\n\t\t\t\t\t\t\t\t\t<p>Tous les enfants et les jeunes sont accueillis.<\/p><p>Lorsqu\u2019il y a une demande un groupe se constitue pour que ceux qui ont un handicap soient accueillis dans une d\u00e9marche adapt\u00e9e.<\/p>\t\t\t\t\t\t\t\t<\/div>\n\t\t\t\t<\/div>\n\t\t\t\t\t<\/div>\n\t\t<\/div>\n\t\t\t\t\t<\/div>\n\t\t<\/section>\n\t\t\t\t<section class=\"elementor-section elementor-top-section elementor-element elementor-element-1c4be6f elementor-section-boxed elementor-section-height-default elementor-section-height-default\" data-id=\"1c4be6f\" data-element_type=\"section\">\n\t\t\t\t\t\t<div class=\"elementor-container elementor-column-gap-extended\">\n\t\t\t\t\t<div class=\"elementor-column elementor-col-100 elementor-top-column elementor-element elementor-element-1cb9534 sc_layouts_column_icons_position_left\" data-id=\"1cb9534\" data-element_type=\"column\">\n\t\t\t<div class=\"elementor-widget-wrap elementor-element-populated\">\n\t\t\t\t\t\t<div class=\"elementor-element elementor-element-019ae0d sc_layouts_hide_on_wide sc_layouts_hide_on_desktop sc_layouts_hide_on_notebook sc_layouts_hide_on_tablet elementor-widget elementor-widget-spacer\" data-id=\"019ae0d\" data-element_type=\"widget\" data-widget_type=\"spacer.default\">\n\t\t\t\t<div class=\"elementor-widget-container\">\n\t\t\t\t\t\t\t<div class=\"elementor-spacer\">\n\t\t\t<div class=\"elementor-spacer-inner\"><\/div>\n\t\t<\/div>\n\t\t\t\t\t\t<\/div>\n\t\t\t\t<\/div>\n\t\t\t\t<div class=\"elementor-element elementor-element-b05d82c elementor-widget elementor-widget-heading\" data-id=\"b05d82c\" data-element_type=\"widget\" data-widget_type=\"heading.default\">\n\t\t\t\t<div class=\"elementor-widget-container\">\n\t\t\t\t\t<h2 class=\"elementor-heading-title elementor-size-default\">Nouveau site internet d\u00e9di\u00e9 au cat\u00e9chisme !!! <\/h2>\t\t\t\t<\/div>\n\t\t\t\t<\/div>\n\t\t\t\t\t<\/div>\n\t\t<\/div>\n\t\t\t\t\t<\/div>\n\t\t<\/section>\n\t\t\t\t<section class=\"elementor-section elementor-top-section elementor-element elementor-element-d5b5c30 elementor-section-boxed elementor-section-height-default elementor-section-height-default\" data-id=\"d5b5c30\" data-element_type=\"section\">\n\t\t\t\t\t\t<div class=\"elementor-container elementor-column-gap-extended\">\n\t\t\t\t\t<div class=\"elementor-column elementor-col-100 elementor-top-column elementor-element elementor-element-2fe8d8c sc_layouts_column_icons_position_left\" data-id=\"2fe8d8c\" data-element_type=\"column\">\n\t\t\t<div class=\"elementor-widget-wrap elementor-element-populated\">\n\t\t\t\t\t\t<div class=\"elementor-element elementor-element-adb360d sc_layouts_hide_on_wide sc_layouts_hide_on_desktop sc_layouts_hide_on_notebook sc_layouts_hide_on_tablet elementor-widget elementor-widget-spacer\" data-id=\"adb360d\" data-element_type=\"widget\" data-widget_type=\"spacer.default\">\n\t\t\t\t<div class=\"elementor-widget-container\">\n\t\t\t\t\t\t\t<div class=\"elementor-spacer\">\n\t\t\t<div class=\"elementor-spacer-inner\"><\/div>\n\t\t<\/div>\n\t\t\t\t\t\t<\/div>\n\t\t\t\t<\/div>\n\t\t\t\t<div class=\"elementor-element elementor-element-f7a2440 elementor-widget elementor-widget-text-editor\" data-id=\"f7a2440\" data-element_type=\"widget\" data-widget_type=\"text-editor.default\">\n\t\t\t\t<div class=\"elementor-widget-container\">\n\t\t\t\t\t\t\t\t\t<p>Lanc\u00e9 mi-septembre par la Conf\u00e9rence des \u00e9v\u00eaques de France, il est destin\u00e9 aux parents qui se posent des questions sur le cat\u00e9chisme, notamment \u00e0 l\u2019occasion de la rentr\u00e9e et du choix des activit\u00e9s de leur enfant.<\/p><p>Dans cette d\u00e9marche, parfois initi\u00e9e par l\u2019enfant lui-m\u00eame, ils souhaitent non seulement avoir des informations sur ce qui se passe et ce qui se joue au cat\u00e9chisme mais aussi des informations pratiques.<\/p><p>Avant m\u00eame de prendre contact avec leur paroisse, ils recherchent tr\u00e8s souvent sur internet.<\/p><p>Ce site leur propose des \u00e9l\u00e9ments de r\u00e9ponse, des t\u00e9moignages, et des contacts. Il donne des informations pratiques sur l\u2019inscription au cat\u00e9chisme, des liens et ressources pour parents et enfants.<\/p>\t\t\t\t\t\t\t\t<\/div>\n\t\t\t\t<\/div>\n\t\t\t\t<div class=\"elementor-element elementor-element-28e9616 elementor-align-center elementor-widget elementor-widget-button\" data-id=\"28e9616\" data-element_type=\"widget\" data-widget_type=\"button.default\">\n\t\t\t\t<div class=\"elementor-widget-container\">\n\t\t\t\t\t\t\t\t\t<div class=\"elementor-button-wrapper\">\n\t\t\t\t\t<a class=\"elementor-button elementor-button-link elementor-size-sm\" href=\"http:\/\/www.eglise.catholique.fr\/approfondir-sa-foi\/vivre-sa-foi-a-tous-les-ages\/transmettre-la-foi\/371036-quest-ce-que-le-catechisme\/\">\n\t\t\t\t\t\t<span class=\"elementor-button-content-wrapper\">\n\t\t\t\t\t\t\t\t\t<span class=\"elementor-button-text\">D\u00e9courvrir le nouveau site<\/span>\n\t\t\t\t\t<\/span>\n\t\t\t\t\t<\/a>\n\t\t\t\t<\/div>\n\t\t\t\t\t\t\t\t<\/div>\n\t\t\t\t<\/div>\n\t\t\t\t\t<\/div>\n\t\t<\/div>\n\t\t\t\t\t<\/div>\n\t\t<\/section>\n\t\t\t\t<section class=\"elementor-section elementor-top-section elementor-element elementor-element-d8bbd3d elementor-section-boxed elementor-section-height-default elementor-section-height-default\" data-id=\"d8bbd3d\" data-element_type=\"section\">\n\t\t\t\t\t\t<div class=\"elementor-container elementor-column-gap-extended\">\n\t\t\t\t\t<div class=\"elementor-column elementor-col-100 elementor-top-column elementor-element elementor-element-202e3fd sc_layouts_column_icons_position_left\" data-id=\"202e3fd\" data-element_type=\"column\">\n\t\t\t<div class=\"elementor-widget-wrap elementor-element-populated\">\n\t\t\t\t\t\t<div class=\"elementor-element elementor-element-0f73349 elementor-widget elementor-widget-spacer\" data-id=\"0f73349\" data-element_type=\"widget\" data-widget_type=\"spacer.default\">\n\t\t\t\t<div class=\"elementor-widget-container\">\n\t\t\t\t\t\t\t<div class=\"elementor-spacer\">\n\t\t\t<div class=\"elementor-spacer-inner\"><\/div>\n\t\t<\/div>\n\t\t\t\t\t\t<\/div>\n\t\t\t\t<\/div>\n\t\t\t\t\t<\/div>\n\t\t<\/div>\n\t\t\t\t\t<\/div>\n\t\t<\/section>\n\t\t\t\t<\/div>\n\t\t","protected":false},"excerpt":{"rendered":"<p>La cat\u00e9ch\u00e8se de l&rsquo;enfance \u00c9veil \u00e0 la foi L\u2019\u00e9veil \u00e0 la foi s\u2019adresse aux enfants, \u00e0 partir de l\u2019\u00e2ge de 4 ans et jusqu\u2019\u00e0 l\u2019entr\u00e9e au cat\u00e9chisme\u00a0(en principe d\u00e8s le C.E.1.) Une c\u00e9l\u00e9bration mensuelle les regroupe, en pr\u00e9sence de&hellip;<\/p>\n","protected":false},"author":1,"featured_media":0,"parent":111,"menu_order":0,"comment_status":"closed","ping_status":"closed","template":"","meta":{"give_campaign_id":0,"footnotes":""},"class_list":["post-8324","page","type-page","status-publish","hentry","cat_confirmation-des-lyceens","cat_sacrements"],"campaignId":"","_links":{"self":[{"href":"https:\/\/demos.uptitude.fr\/savviry1\/wp-json\/wp\/v2\/pages\/8324","targetHints":{"allow":["GET"]}}],"collection":[{"href":"https:\/\/demos.uptitude.fr\/savviry1\/wp-json\/wp\/v2\/pages"}],"about":[{"href":"https:\/\/demos.uptitude.fr\/savviry1\/wp-json\/wp\/v2\/types\/page"}],"author":[{"embeddable":true,"href":"https:\/\/demos.uptitude.fr\/savviry1\/wp-json\/wp\/v2\/users\/1"}],"replies":[{"embeddable":true,"href":"https:\/\/demos.uptitude.fr\/savviry1\/wp-json\/wp\/v2\/comments?post=8324"}],"version-history":[{"count":19,"href":"https:\/\/demos.uptitude.fr\/savviry1\/wp-json\/wp\/v2\/pages\/8324\/revisions"}],"predecessor-version":[{"id":8528,"href":"https:\/\/demos.uptitude.fr\/savviry1\/wp-json\/wp\/v2\/pages\/8324\/revisions\/8528"}],"up":[{"embeddable":true,"href":"https:\/\/demos.uptitude.fr\/savviry1\/wp-json\/wp\/v2\/pages\/111"}],"wp:attachment":[{"href":"https:\/\/demos.uptitude.fr\/savviry1\/wp-json\/wp\/v2\/media?parent=8324"}],"curies":[{"name":"wp","href":"https:\/\/api.w.org\/{rel}","templated":true}]}}