{"id":8529,"date":"2025-09-29T00:57:11","date_gmt":"2025-09-28T22:57:11","guid":{"rendered":"https:\/\/demos.uptitude.fr\/savviry1\/?page_id=8529"},"modified":"2025-09-29T01:17:17","modified_gmt":"2025-09-28T23:17:17","slug":"groupes-de-prieres","status":"publish","type":"page","link":"https:\/\/demos.uptitude.fr\/savviry1\/decouvrir-servir-leglise\/groupes-de-prieres\/","title":{"rendered":"Groupes de pri\u00e8res"},"content":{"rendered":"\t\t<div data-elementor-type=\"wp-post\" data-elementor-id=\"8529\" class=\"elementor elementor-8529\" data-elementor-settings=\"{&quot;element_pack_global_tooltip_width&quot;:{&quot;unit&quot;:&quot;px&quot;,&quot;size&quot;:&quot;&quot;,&quot;sizes&quot;:[]},&quot;element_pack_global_tooltip_width_tablet&quot;:{&quot;unit&quot;:&quot;px&quot;,&quot;size&quot;:&quot;&quot;,&quot;sizes&quot;:[]},&quot;element_pack_global_tooltip_width_mobile&quot;:{&quot;unit&quot;:&quot;px&quot;,&quot;size&quot;:&quot;&quot;,&quot;sizes&quot;:[]},&quot;element_pack_global_tooltip_padding&quot;:{&quot;unit&quot;:&quot;px&quot;,&quot;top&quot;:&quot;&quot;,&quot;right&quot;:&quot;&quot;,&quot;bottom&quot;:&quot;&quot;,&quot;left&quot;:&quot;&quot;,&quot;isLinked&quot;:true},&quot;element_pack_global_tooltip_padding_tablet&quot;:{&quot;unit&quot;:&quot;px&quot;,&quot;top&quot;:&quot;&quot;,&quot;right&quot;:&quot;&quot;,&quot;bottom&quot;:&quot;&quot;,&quot;left&quot;:&quot;&quot;,&quot;isLinked&quot;:true},&quot;element_pack_global_tooltip_padding_mobile&quot;:{&quot;unit&quot;:&quot;px&quot;,&quot;top&quot;:&quot;&quot;,&quot;right&quot;:&quot;&quot;,&quot;bottom&quot;:&quot;&quot;,&quot;left&quot;:&quot;&quot;,&quot;isLinked&quot;:true},&quot;element_pack_global_tooltip_border_radius&quot;:{&quot;unit&quot;:&quot;px&quot;,&quot;top&quot;:&quot;&quot;,&quot;right&quot;:&quot;&quot;,&quot;bottom&quot;:&quot;&quot;,&quot;left&quot;:&quot;&quot;,&quot;isLinked&quot;:true},&quot;element_pack_global_tooltip_border_radius_tablet&quot;:{&quot;unit&quot;:&quot;px&quot;,&quot;top&quot;:&quot;&quot;,&quot;right&quot;:&quot;&quot;,&quot;bottom&quot;:&quot;&quot;,&quot;left&quot;:&quot;&quot;,&quot;isLinked&quot;:true},&quot;element_pack_global_tooltip_border_radius_mobile&quot;:{&quot;unit&quot;:&quot;px&quot;,&quot;top&quot;:&quot;&quot;,&quot;right&quot;:&quot;&quot;,&quot;bottom&quot;:&quot;&quot;,&quot;left&quot;:&quot;&quot;,&quot;isLinked&quot;:true}}\" data-elementor-post-type=\"page\">\n\t\t\t\t\t\t<section class=\"elementor-section elementor-top-section elementor-element elementor-element-52866f0 elementor-section-stretched hide_bg_image_on_tablet hide_bg_image_on_mobile elementor-section-boxed elementor-section-height-default elementor-section-height-default\" data-id=\"52866f0\" data-element_type=\"section\" data-settings=\"{&quot;stretch_section&quot;:&quot;section-stretched&quot;,&quot;background_background&quot;:&quot;classic&quot;}\">\n\t\t\t\t\t\t<div class=\"elementor-container elementor-column-gap-no\">\n\t\t\t\t\t<div class=\"elementor-column elementor-col-100 elementor-top-column elementor-element elementor-element-4113e56 sc_layouts_column_icons_position_left\" data-id=\"4113e56\" data-element_type=\"column\">\n\t\t\t<div class=\"elementor-widget-wrap elementor-element-populated\">\n\t\t\t\t\t\t<section class=\"elementor-section elementor-inner-section elementor-element elementor-element-313203c elementor-section-boxed elementor-section-height-default elementor-section-height-default\" data-id=\"313203c\" data-element_type=\"section\">\n\t\t\t\t\t\t<div class=\"elementor-container elementor-column-gap-no\">\n\t\t\t\t\t<div class=\"elementor-column elementor-col-100 elementor-inner-column elementor-element elementor-element-436ce5a sc_layouts_column_icons_position_left\" data-id=\"436ce5a\" data-element_type=\"column\">\n\t\t\t<div class=\"elementor-widget-wrap elementor-element-populated\">\n\t\t\t\t\t\t<div class=\"elementor-element elementor-element-80929e8 elementor-widget elementor-widget-spacer\" data-id=\"80929e8\" data-element_type=\"widget\" data-widget_type=\"spacer.default\">\n\t\t\t\t<div class=\"elementor-widget-container\">\n\t\t\t\t\t\t\t<div class=\"elementor-spacer\">\n\t\t\t<div class=\"elementor-spacer-inner\"><\/div>\n\t\t<\/div>\n\t\t\t\t\t\t<\/div>\n\t\t\t\t<\/div>\n\t\t\t\t<div class=\"elementor-element elementor-element-5fa24d6 elementor-widget elementor-widget-trx_sc_promo\" data-id=\"5fa24d6\" data-element_type=\"widget\" data-widget_type=\"trx_sc_promo.default\">\n\t\t\t\t<div class=\"elementor-widget-container\">\n\t\t\t\t\t<div  id=\"trx_sc_promo_134225555\" \n\tclass=\"sc_promo sc_promo_default sc_promo_size_normal sc_promo_image_position_right\"><div class=\"sc_promo_image\" style=\"background-image:url(\/\/demos.uptitude.fr\/savviry1\/wp-content\/uploads\/2025\/09\/Rosaire.jpg);width:50%;right: 0;\"><\/div><!-- \/.sc_promo_image --><div class=\"sc_promo_text\" style=\"width: 50%;float: left;\">\n\t\t\t<div class=\"sc_promo_text_inner trx_addons_inline_1418786996\"><h3 class=\"sc_item_title sc_promo_title sc_item_title_style_accent\"><span class=\"sc_item_title_text\">Groupe du Chapelet et du Rosaire<\/span><\/h3><div class=\"sc_item_descr sc_promo_descr\"><p>Tous les lundis de 19h \u00e0 20h \u00e0 l\u2019\u00e9glise Saint Martin, nous nous r\u00e9unissons pour prier le Chapelet (\u00e0 la crypte de la Maison Bonne Nouvelle s\u2019il fait froid).<\/p>\n<p>Le 4eme dimanche de chaque mois de 15h \u00e0 18h, nous nous r\u00e9unissons pour prier et m\u00e9diter les myst\u00e8res du Rosaire.<\/p>\n<p>Notre \u00e9quipe prend le temps de m\u00e9diter le Chapelet et le Rosaire. Rien n\u2019est r\u00e9p\u00e9titif, mais renouvel\u00e9 \u00e0 chaque fois.<\/p>\n<p>Les intentions de pri\u00e8res peuvent \u00eatre pr\u00e9sent\u00e9es \u00e0 la Vierge Marie en commun ou individuellement.<\/p>\n<p>Je vous invite \u00e0 nous rejoindre m\u00eame une fois, afin de d\u00e9couvrir notre groupe.<\/p>\n<p>A bient\u00f4t.<\/p>\n<p>Contact : 06 10 12 87 29, lydiebapte@gmail.com<\/p>\n<\/div><\/div>\n\t\t<\/div><!-- \/.sc_promo_text --><\/div><!-- \/.sc_promo -->\t\t\t\t<\/div>\n\t\t\t\t<\/div>\n\t\t\t\t\t<\/div>\n\t\t<\/div>\n\t\t\t\t\t<\/div>\n\t\t<\/section>\n\t\t\t\t<section class=\"elementor-section elementor-inner-section elementor-element elementor-element-72207c3 elementor-section-boxed elementor-section-height-default elementor-section-height-default\" data-id=\"72207c3\" data-element_type=\"section\">\n\t\t\t\t\t\t<div class=\"elementor-container elementor-column-gap-no\">\n\t\t\t\t\t<div class=\"elementor-column elementor-col-100 elementor-inner-column elementor-element elementor-element-2ce836e sc_layouts_column_icons_position_left\" data-id=\"2ce836e\" data-element_type=\"column\">\n\t\t\t<div class=\"elementor-widget-wrap elementor-element-populated\">\n\t\t\t\t\t\t<div class=\"elementor-element elementor-element-ef3857f elementor-widget elementor-widget-trx_sc_promo\" data-id=\"ef3857f\" data-element_type=\"widget\" data-widget_type=\"trx_sc_promo.default\">\n\t\t\t\t<div class=\"elementor-widget-container\">\n\t\t\t\t\t<div  id=\"trx_sc_promo_914426036\" \n\tclass=\"sc_promo sc_promo_default sc_promo_size_normal sc_promo_image_position_left\"><div class=\"sc_promo_image\" style=\"background-image:url(\/\/demos.uptitude.fr\/savviry1\/wp-content\/uploads\/2018\/06\/img-5-copyright.jpg);width:50%;left: 0;\"><\/div><!-- \/.sc_promo_image --><div class=\"sc_promo_text\" style=\"width: 50%;float: right;\">\n\t\t\t<div class=\"sc_promo_text_inner trx_addons_inline_860754272\"><h3 class=\"sc_item_title sc_promo_title sc_item_title_style_accent\"><span class=\"sc_item_title_text\">Adoration du Saint Sacrement<\/span><\/h3><div class=\"sc_item_descr sc_promo_descr\"><ul>\n<li>\u00c9glise Sainte Bernadette, le mercredi de 17h \u00e0 18h.<\/li>\n<li>\u00c9glise Notre Dame des Cit\u00e9s, le premier vendredi du mois de 17h \u00e0 18h.<\/li>\n<li>\u00c9glise Saint Martin tous les vendredis hors vacances scolaires \u00e0 20h30<\/li>\n<\/ul>\n<\/div><\/div>\n\t\t<\/div><!-- \/.sc_promo_text --><\/div><!-- \/.sc_promo -->\t\t\t\t<\/div>\n\t\t\t\t<\/div>\n\t\t\t\t<div class=\"elementor-element elementor-element-048d0bd elementor-widget elementor-widget-trx_sc_promo\" data-id=\"048d0bd\" data-element_type=\"widget\" data-widget_type=\"trx_sc_promo.default\">\n\t\t\t\t<div class=\"elementor-widget-container\">\n\t\t\t\t\t<div  id=\"trx_sc_promo_1316785344\" \n\tclass=\"sc_promo sc_promo_default sc_promo_size_normal sc_promo_image_position_right\"><div class=\"sc_promo_image\" style=\"background-image:url(\/\/demos.uptitude.fr\/savviry1\/wp-content\/uploads\/2025\/03\/NDdEsperance-Savigny_orge-04-BW.jpg);width:50%;right: 0;\"><\/div><!-- \/.sc_promo_image --><div class=\"sc_promo_text\" style=\"width: 50%;float: left;\">\n\t\t\t<div class=\"sc_promo_text_inner trx_addons_inline_938830609\"><h3 class=\"sc_item_title sc_promo_title sc_item_title_style_accent\"><span class=\"sc_item_title_text\">Groupe de pri\u00e8re<\/span><\/h3><div class=\"sc_item_descr sc_promo_descr\"><p>Groupe de pri\u00e8re et de louange : \u00ab Groupe des m\u00e8res \u00bb<br \/>\nEglise Notre-Dame des cit\u00e9s, le mardi \u00e0  20h30<\/p>\n<\/div><\/div>\n\t\t<\/div><!-- \/.sc_promo_text --><\/div><!-- \/.sc_promo -->\t\t\t\t<\/div>\n\t\t\t\t<\/div>\n\t\t\t\t<div class=\"elementor-element elementor-element-b9c0acd elementor-widget elementor-widget-trx_sc_promo\" data-id=\"b9c0acd\" data-element_type=\"widget\" data-widget_type=\"trx_sc_promo.default\">\n\t\t\t\t<div class=\"elementor-widget-container\">\n\t\t\t\t\t<div  id=\"trx_sc_promo_1297247161\" \n\tclass=\"sc_promo sc_promo_default sc_promo_size_normal sc_promo_image_position_left\"><div class=\"sc_promo_image\" style=\"background-image:url(\/\/demos.uptitude.fr\/savviry1\/wp-content\/uploads\/2018\/06\/img-5-copyright.jpg);width:50%;left: 0;\"><\/div><!-- \/.sc_promo_image --><div class=\"sc_promo_text\" style=\"width: 50%;float: right;\">\n\t\t\t<div class=\"sc_promo_text_inner trx_addons_inline_307681631\"><h3 class=\"sc_item_title sc_promo_title sc_item_title_style_accent\"><span class=\"sc_item_title_text\">Groupe Le Pain de Vie<\/span><\/h3><div class=\"sc_item_descr sc_promo_descr\"><p>Le groupe de pri\u00e8re de Savigny-Viry  \u00ab le pain de vie \u00bb se r\u00e9unit tous les lundis \u00e0 Bonne Nouvelle \u00e0 20h30  (sauf vacances) pour chanter , louer Dieu , \u00e9couter sa Parole , partager notre foi et la faire grandir.<\/p>\n<p>Contact(s) : Maria Germany  06 26 95 18 65 , maria.germany@free.fr<br \/>\n<br \/>Lucie Corvisier : 06 36 00 99 71 , lucie@corvisier.fr<\/p>\n<\/div><\/div>\n\t\t<\/div><!-- \/.sc_promo_text --><\/div><!-- \/.sc_promo -->\t\t\t\t<\/div>\n\t\t\t\t<\/div>\n\t\t\t\t<div class=\"elementor-element elementor-element-1cd50a1 elementor-widget elementor-widget-trx_sc_promo\" data-id=\"1cd50a1\" data-element_type=\"widget\" data-widget_type=\"trx_sc_promo.default\">\n\t\t\t\t<div class=\"elementor-widget-container\">\n\t\t\t\t\t<div  id=\"trx_sc_promo_1853142683\" \n\tclass=\"sc_promo sc_promo_default sc_promo_size_normal sc_promo_image_position_right\"><div class=\"sc_promo_image\" style=\"background-image:url(\/\/demos.uptitude.fr\/savviry1\/wp-content\/uploads\/2025\/09\/Fraternite-7-copie-300x225-1.jpg);width:50%;right: 0;\"><\/div><!-- \/.sc_promo_image --><div class=\"sc_promo_text\" style=\"width: 50%;float: left;\">\n\t\t\t<div class=\"sc_promo_text_inner trx_addons_inline_525577183\"><h3 class=\"sc_item_title sc_promo_title sc_item_title_style_accent\"><span class=\"sc_item_title_text\">Fraternit\u00e9 Pri\u00e8re<\/span><\/h3><div class=\"sc_item_descr sc_promo_descr\"><p>Fraternit\u00e9 Pri\u00e8re propose une rencontre mensuelle autour d\u2019un sujet d\u2019actualit\u00e9 ou d\u2019un th\u00e8me biblique.<br \/>\nLe sujet est d\u00e9battu au cours d\u2019un repas \u00e0 20h,  suivi d\u2019une liturgie de la Parole.<\/p>\n<p>Le groupe se retrouve annuellement pour un temps de retraite \u00e0 l\u2019abbaye de la Pierre qui Vire.<br \/>\nContact : danielle.thomasset@wanadoo.fr  \u2013 06 15 36 44 27<\/p>\n<\/div><\/div>\n\t\t<\/div><!-- \/.sc_promo_text --><\/div><!-- \/.sc_promo -->\t\t\t\t<\/div>\n\t\t\t\t<\/div>\n\t\t\t\t<div class=\"elementor-element elementor-element-b35c786 elementor-widget elementor-widget-spacer\" data-id=\"b35c786\" data-element_type=\"widget\" data-widget_type=\"spacer.default\">\n\t\t\t\t<div class=\"elementor-widget-container\">\n\t\t\t\t\t\t\t<div class=\"elementor-spacer\">\n\t\t\t<div class=\"elementor-spacer-inner\"><\/div>\n\t\t<\/div>\n\t\t\t\t\t\t<\/div>\n\t\t\t\t<\/div>\n\t\t\t\t\t<\/div>\n\t\t<\/div>\n\t\t\t\t\t<\/div>\n\t\t<\/section>\n\t\t\t\t\t<\/div>\n\t\t<\/div>\n\t\t\t\t\t<\/div>\n\t\t<\/section>\n\t\t\t\t<section class=\"elementor-section elementor-top-section elementor-element elementor-element-0ec0c48 elementor-section-stretched elementor-section-boxed elementor-section-height-default elementor-section-height-default\" data-id=\"0ec0c48\" data-element_type=\"section\" data-settings=\"{&quot;stretch_section&quot;:&quot;section-stretched&quot;,&quot;background_background&quot;:&quot;classic&quot;}\">\n\t\t\t\t\t\t<div class=\"elementor-container elementor-column-gap-extended\">\n\t\t\t\t\t<div class=\"elementor-column elementor-col-100 elementor-top-column elementor-element elementor-element-58443be sc_layouts_column_icons_position_left\" data-id=\"58443be\" data-element_type=\"column\">\n\t\t\t<div class=\"elementor-widget-wrap elementor-element-populated\">\n\t\t\t\t\t\t<div class=\"elementor-element elementor-element-42835ce elementor-widget elementor-widget-spacer\" data-id=\"42835ce\" data-element_type=\"widget\" data-widget_type=\"spacer.default\">\n\t\t\t\t<div class=\"elementor-widget-container\">\n\t\t\t\t\t\t\t<div class=\"elementor-spacer\">\n\t\t\t<div class=\"elementor-spacer-inner\"><\/div>\n\t\t<\/div>\n\t\t\t\t\t\t<\/div>\n\t\t\t\t<\/div>\n\t\t\t\t<div class=\"elementor-element elementor-element-93217b0 elementor-widget elementor-widget-trx_sc_title\" data-id=\"93217b0\" data-element_type=\"widget\" data-widget_type=\"trx_sc_title.default\">\n\t\t\t\t<div class=\"elementor-widget-container\">\n\t\t\t\t\t<div id=\"trx_sc_title_1265892704\"\n\t\tclass=\"sc_title sc_title_default\"><h2 class=\"sc_item_title sc_title_title sc_align_center sc_item_title_style_default trx_addons_inline_1889394888\"><span class=\"sc_item_title_text\">Ne vous inqui\u00e9tez de rien, mais en toute chose faites conna\u00eetre vos besoins \u00e0 Dieu par des pri\u00e8res et des supplications, dans une attitude de reconnaissance. Et la paix de Dieu, qui d\u00e9passe tout ce que l\u2019on peut comprendre, gardera votre c\u0153ur et vos pens\u00e9es en J\u00e9sus-Christ.<\/span><\/h2><div class=\"sc_item_descr sc_title_descr sc_align_center\"><p>Philippiens 4:6-7<\/p>\n<\/div><\/div><!-- \/.sc_title -->\t\t\t\t<\/div>\n\t\t\t\t<\/div>\n\t\t\t\t<div class=\"elementor-element elementor-element-74fbbb3 elementor-widget elementor-widget-spacer\" data-id=\"74fbbb3\" data-element_type=\"widget\" data-widget_type=\"spacer.default\">\n\t\t\t\t<div class=\"elementor-widget-container\">\n\t\t\t\t\t\t\t<div class=\"elementor-spacer\">\n\t\t\t<div class=\"elementor-spacer-inner\"><\/div>\n\t\t<\/div>\n\t\t\t\t\t\t<\/div>\n\t\t\t\t<\/div>\n\t\t\t\t\t<\/div>\n\t\t<\/div>\n\t\t\t\t\t<\/div>\n\t\t<\/section>\n\t\t\t\t<\/div>\n\t\t","protected":false},"excerpt":{"rendered":"<p>Groupe du Chapelet et du Rosaire Tous les lundis de 19h \u00e0 20h \u00e0 l\u2019\u00e9glise Saint Martin, nous nous r\u00e9unissons pour prier le Chapelet (\u00e0 la crypte de la Maison Bonne Nouvelle s\u2019il fait froid). Le 4eme dimanche de&hellip;<\/p>\n","protected":false},"author":1,"featured_media":0,"parent":111,"menu_order":0,"comment_status":"closed","ping_status":"closed","template":"","meta":{"give_campaign_id":0,"footnotes":""},"class_list":["post-8529","page","type-page","status-publish","hentry"],"campaignId":"","_links":{"self":[{"href":"https:\/\/demos.uptitude.fr\/savviry1\/wp-json\/wp\/v2\/pages\/8529","targetHints":{"allow":["GET"]}}],"collection":[{"href":"https:\/\/demos.uptitude.fr\/savviry1\/wp-json\/wp\/v2\/pages"}],"about":[{"href":"https:\/\/demos.uptitude.fr\/savviry1\/wp-json\/wp\/v2\/types\/page"}],"author":[{"embeddable":true,"href":"https:\/\/demos.uptitude.fr\/savviry1\/wp-json\/wp\/v2\/users\/1"}],"replies":[{"embeddable":true,"href":"https:\/\/demos.uptitude.fr\/savviry1\/wp-json\/wp\/v2\/comments?post=8529"}],"version-history":[{"count":4,"href":"https:\/\/demos.uptitude.fr\/savviry1\/wp-json\/wp\/v2\/pages\/8529\/revisions"}],"predecessor-version":[{"id":8536,"href":"https:\/\/demos.uptitude.fr\/savviry1\/wp-json\/wp\/v2\/pages\/8529\/revisions\/8536"}],"up":[{"embeddable":true,"href":"https:\/\/demos.uptitude.fr\/savviry1\/wp-json\/wp\/v2\/pages\/111"}],"wp:attachment":[{"href":"https:\/\/demos.uptitude.fr\/savviry1\/wp-json\/wp\/v2\/media?parent=8529"}],"curies":[{"name":"wp","href":"https:\/\/api.w.org\/{rel}","templated":true}]}}